{"id":2194,"date":"2016-09-30T14:56:18","date_gmt":"2016-09-30T18:56:18","guid":{"rendered":"http:\/\/ppgecpan.draconis.ufms.br\/?page_id=2194"},"modified":"2017-09-28T15:31:18","modified_gmt":"2017-09-28T19:31:18","slug":"simposio-internacional-nexos-teoria-critica-e-pesquisa-interdisciplinar-centro-oeste-genero-e-sexualidades-cultura-e-educacao","status":"publish","type":"page","link":"https:\/\/ppgecpan.ufms.br\/en\/simposio-internacional-nexos-teoria-critica-e-pesquisa-interdisciplinar-centro-oeste-genero-e-sexualidades-cultura-e-educacao\/","title":{"rendered":"Simp\u00f3sio Internacional NEXOS Teoria Cr\u00edtica e Pesquisa Interdisciplinar Centro Oeste: G\u00eanero e Sexualidades, Cultura e Educa\u00e7\u00e3o"},"content":{"rendered":"<h1 class=\"big_title\" style=\"text-align: left\"><\/h1>\n<div>Apoio FUNDECT\/PAPOS\/CAPES<\/div>\n<h5 class=\"big_title\" style=\"text-align: left\">INFORMAMOS QUE EM VIRTUDE DO N\u00daMERO DE INSCRITOS TER ULTRAPASSADO A CAPACIDADE DO AUDIT\u00d3RIO DA UNIDADE III DO CPAN E DO SESC, QUE TODO O EVENTO OCORRER\u00c1 NO ANFITEATRO SALOM\u00c3O BARUKI.<\/h5>\n<p style=\"text-align: left\">Primeira\u00a0etapa do Plano de trabalho com apoio FUNDECT\/PAPOS\/CAPES:<\/p>\n<h1 class=\"big_title\" style=\"text-align: center\">FA\u00c7A SUA INSCRI\u00c7\u00c3O CLICANDO <a href=\"https:\/\/www.docs.google.com\/forms\/d\/e\/1FAIpQLSc1MOZJ1g5Em7hDTque6G-D7Y_LMG3jc-MRFuG_OZOMZHE51w\/viewform\" target=\"_blank\" rel=\"noopener noreferrer\">AQUI<\/a>.<\/h1>\n<p style=\"text-align: center\">Ser\u00e1 emitido certificado de participa\u00e7\u00e3o de <strong>20 horas<\/strong>, mediante assinatura na lista de presen\u00e7a.<\/p>\n<p>&nbsp;<\/p>\n<p>&nbsp;<\/p>\n<p><a href=\"http:\/\/ppgecpan.draconis.ufms.br\/files\/2016\/09\/arte-principal.jpg\"><img fetchpriority=\"high\" decoding=\"async\" class=\"alignnone wp-image-2197\" src=\"http:\/\/ppgecpan.draconis.ufms.br\/files\/2016\/09\/arte-principal-300x209.jpg\" alt=\"arte-principal\" width=\"867\" height=\"604\" srcset=\"https:\/\/ppgecpan.ufms.br\/files\/2016\/09\/arte-principal-300x209.jpg 300w, https:\/\/ppgecpan.ufms.br\/files\/2016\/09\/arte-principal-768x534.jpg 768w, https:\/\/ppgecpan.ufms.br\/files\/2016\/09\/arte-principal-1024x712.jpg 1024w, https:\/\/ppgecpan.ufms.br\/files\/2016\/09\/arte-principal-460x320.jpg 460w\" sizes=\"(max-width: 867px) 100vw, 867px\" \/><\/a><\/p>\n<p style=\"text-align: left\">Arte: Will Schmitt<\/p>\n<p style=\"text-align: center\">\u00a0\u00a0\u00a0\u00a0\u00a0\u00a0\u00a0\u00a0\u00a0\u00a0\u00a0\u00a0 Institui\u00e7\u00f5es financiadoras:<\/p>\n<p style=\"text-align: center\"><a href=\"https:\/\/ppgecpan.ufms.br\/files\/2015\/11\/fundect-2.jpg\"><img decoding=\"async\" class=\"alignnone wp-image-1160\" src=\"https:\/\/ppgecpan.ufms.br\/files\/2015\/11\/fundect-2.jpg\" alt=\"\" width=\"211\" height=\"103\" \/><\/a><a href=\"https:\/\/ppgecpan.ufms.br\/files\/2017\/03\/CAPES-LOGO.png\"><img decoding=\"async\" class=\"alignnone wp-image-2494\" src=\"https:\/\/ppgecpan.ufms.br\/files\/2017\/03\/CAPES-LOGO-300x275.png\" alt=\"\" width=\"114\" height=\"104\" srcset=\"https:\/\/ppgecpan.ufms.br\/files\/2017\/03\/CAPES-LOGO-300x275.png 300w, https:\/\/ppgecpan.ufms.br\/files\/2017\/03\/CAPES-LOGO-768x705.png 768w, https:\/\/ppgecpan.ufms.br\/files\/2017\/03\/CAPES-LOGO-1024x939.png 1024w, https:\/\/ppgecpan.ufms.br\/files\/2017\/03\/CAPES-LOGO-349x320.png 349w\" sizes=\"(max-width: 114px) 100vw, 114px\" \/><\/a><\/p>\n<p>__________________________________________________________________________________________________________________________________<\/p>\n<p style=\"text-align: center\"><strong>PROGRAMA\u00c7\u00c3O DETALHADA:<\/strong><\/p>\n<p style=\"text-align: center\"><strong>Dia 28\/10<br \/>\n<\/strong><\/p>\n<p><a href=\"http:\/\/ppgecpan.draconis.ufms.br\/files\/2016\/09\/programa\u00e7\u00e3o-dia-28.jpg\"><img loading=\"lazy\" decoding=\"async\" class=\"alignnone wp-image-2219\" src=\"http:\/\/ppgecpan.draconis.ufms.br\/files\/2016\/09\/programa\u00e7\u00e3o-dia-28-300x238.jpg\" alt=\"programacao-dia-28\" width=\"864\" height=\"685\" srcset=\"https:\/\/ppgecpan.ufms.br\/files\/2016\/09\/programa\u00e7\u00e3o-dia-28-300x238.jpg 300w, https:\/\/ppgecpan.ufms.br\/files\/2016\/09\/programa\u00e7\u00e3o-dia-28-403x320.jpg 403w, https:\/\/ppgecpan.ufms.br\/files\/2016\/09\/programa\u00e7\u00e3o-dia-28.jpg 757w\" sizes=\"(max-width: 864px) 100vw, 864px\" \/><\/a><\/p>\n<p style=\"text-align: center\"><strong>Dia 29\/10<br \/>\n<\/strong><\/p>\n<p><a href=\"http:\/\/ppgecpan.draconis.ufms.br\/files\/2016\/09\/programa\u00e7\u00e3o-dia-29.jpg\"><img loading=\"lazy\" decoding=\"async\" class=\"alignnone wp-image-2220\" src=\"http:\/\/ppgecpan.draconis.ufms.br\/files\/2016\/09\/programa\u00e7\u00e3o-dia-29-300x238.jpg\" alt=\"programacao-dia-29\" width=\"864\" height=\"685\" srcset=\"https:\/\/ppgecpan.ufms.br\/files\/2016\/09\/programa\u00e7\u00e3o-dia-29-300x238.jpg 300w, https:\/\/ppgecpan.ufms.br\/files\/2016\/09\/programa\u00e7\u00e3o-dia-29-403x320.jpg 403w, https:\/\/ppgecpan.ufms.br\/files\/2016\/09\/programa\u00e7\u00e3o-dia-29.jpg 757w\" sizes=\"(max-width: 864px) 100vw, 864px\" \/><\/a><\/p>\n<p style=\"text-align: center\"><strong>Dia 30\/10<\/strong><\/p>\n<p><a href=\"http:\/\/ppgecpan.draconis.ufms.br\/files\/2016\/09\/programa\u00e7\u00e7ao-do-dia-30-de-outubro-CORRIGIDA.jpg\"><img loading=\"lazy\" decoding=\"async\" class=\"alignnone wp-image-2251\" src=\"http:\/\/ppgecpan.draconis.ufms.br\/files\/2016\/09\/programa\u00e7\u00e7ao-do-dia-30-de-outubro-CORRIGIDA-300x169.jpg\" alt=\"programaccao-do-dia-30-de-outubro-corrigida\" width=\"863\" height=\"486\" srcset=\"https:\/\/ppgecpan.ufms.br\/files\/2016\/09\/programa\u00e7\u00e7ao-do-dia-30-de-outubro-CORRIGIDA-300x169.jpg 300w, https:\/\/ppgecpan.ufms.br\/files\/2016\/09\/programa\u00e7\u00e7ao-do-dia-30-de-outubro-CORRIGIDA-768x432.jpg 768w, https:\/\/ppgecpan.ufms.br\/files\/2016\/09\/programa\u00e7\u00e7ao-do-dia-30-de-outubro-CORRIGIDA-1024x576.jpg 1024w, https:\/\/ppgecpan.ufms.br\/files\/2016\/09\/programa\u00e7\u00e7ao-do-dia-30-de-outubro-CORRIGIDA-569x320.jpg 569w, https:\/\/ppgecpan.ufms.br\/files\/2016\/09\/programa\u00e7\u00e7ao-do-dia-30-de-outubro-CORRIGIDA.jpg 1280w\" sizes=\"(max-width: 863px) 100vw, 863px\" \/><\/a><\/p>\n<p>&nbsp;<\/p>\n<p>__________________________________________________________________________________________________________________________________<\/p>\n<p style=\"text-align: center\"><strong>EXIBI\u00c7\u00c3O DE FILME E LAN\u00c7AMENTO DE LIVROS<\/strong><\/p>\n<p>&nbsp;<\/p>\n<p><a href=\"http:\/\/ppgecpan.draconis.ufms.br\/files\/2016\/09\/hoje-eu-quero-voltar-sozinho_01.jpg\"><img loading=\"lazy\" decoding=\"async\" class=\"alignnone wp-image-2254\" src=\"http:\/\/ppgecpan.draconis.ufms.br\/files\/2016\/09\/hoje-eu-quero-voltar-sozinho_01-204x300.jpg\" alt=\"hoje-eu-quero-voltar-sozinho_01\" width=\"119\" height=\"175\" srcset=\"https:\/\/ppgecpan.ufms.br\/files\/2016\/09\/hoje-eu-quero-voltar-sozinho_01-204x300.jpg 204w, https:\/\/ppgecpan.ufms.br\/files\/2016\/09\/hoje-eu-quero-voltar-sozinho_01-768x1128.jpg 768w, https:\/\/ppgecpan.ufms.br\/files\/2016\/09\/hoje-eu-quero-voltar-sozinho_01-697x1024.jpg 697w, https:\/\/ppgecpan.ufms.br\/files\/2016\/09\/hoje-eu-quero-voltar-sozinho_01-218x320.jpg 218w, https:\/\/ppgecpan.ufms.br\/files\/2016\/09\/hoje-eu-quero-voltar-sozinho_01.jpg 1021w\" sizes=\"(max-width: 119px) 100vw, 119px\" \/><\/a>\u00a0 \u00a0\u00a0<a href=\"http:\/\/ppgecpan.draconis.ufms.br\/files\/2016\/09\/image.png\"><img loading=\"lazy\" decoding=\"async\" class=\"alignnone wp-image-2238\" src=\"http:\/\/ppgecpan.draconis.ufms.br\/files\/2016\/09\/image-193x300.png\" alt=\"image\" width=\"112\" height=\"174\" srcset=\"https:\/\/ppgecpan.ufms.br\/files\/2016\/09\/image-193x300.png 193w, https:\/\/ppgecpan.ufms.br\/files\/2016\/09\/image-206x320.png 206w, https:\/\/ppgecpan.ufms.br\/files\/2016\/09\/image.png 348w\" sizes=\"(max-width: 112px) 100vw, 112px\" \/><\/a>\u00a0 \u00a0\u00a0<strong><a href=\"http:\/\/ppgecpan.draconis.ufms.br\/files\/2016\/09\/livro-do-fabio.jpg\"><img loading=\"lazy\" decoding=\"async\" class=\"alignnone wp-image-2214\" src=\"http:\/\/ppgecpan.draconis.ufms.br\/files\/2016\/09\/livro-do-fabio-300x142.jpg\" alt=\"livro-do-fabio\" width=\"367\" height=\"174\" srcset=\"https:\/\/ppgecpan.ufms.br\/files\/2016\/09\/livro-do-fabio-300x142.jpg 300w, https:\/\/ppgecpan.ufms.br\/files\/2016\/09\/livro-do-fabio-768x363.jpg 768w, https:\/\/ppgecpan.ufms.br\/files\/2016\/09\/livro-do-fabio-677x320.jpg 677w, https:\/\/ppgecpan.ufms.br\/files\/2016\/09\/livro-do-fabio.jpg 960w\" sizes=\"(max-width: 367px) 100vw, 367px\" \/><\/a>\u00a0<\/strong><\/p>\n<p style=\"text-align: center\"><strong>Livros dos autores Dr. R<strong>avel Giordano Paz\u00a0(<a href=\"http:\/\/www.correiodoestado.com.br\/arte-e-cultura\/professor-estreia-na-literatura-com-trama-de-jovem-nos-anos-80\/286639\/\" target=\"_blank\" rel=\"noopener noreferrer\">divulga\u00e7\u00e3o<\/a>)\u00a0e\u00a0<\/strong>Dr. Fabio Akcelrud Dur\u00e3o<\/strong><\/p>\n<p style=\"text-align: center\">Apoio: Caf\u00e9 Liter\u00e1rio<br \/>\n<img loading=\"lazy\" decoding=\"async\" class=\"wp-image-2236 aligncenter\" src=\"http:\/\/ppgecpan.draconis.ufms.br\/files\/2016\/09\/logo-sesc-300x150.png\" alt=\"logo-sesc\" width=\"134\" height=\"67\" srcset=\"https:\/\/ppgecpan.ufms.br\/files\/2016\/09\/logo-sesc-300x150.png 300w, https:\/\/ppgecpan.ufms.br\/files\/2016\/09\/logo-sesc-768x384.png 768w, https:\/\/ppgecpan.ufms.br\/files\/2016\/09\/logo-sesc-640x320.png 640w, https:\/\/ppgecpan.ufms.br\/files\/2016\/09\/logo-sesc.png 796w\" sizes=\"(max-width: 134px) 100vw, 134px\" \/><\/p>\n<p>&nbsp;<\/p>\n<p>__________________________________________________________________________________________________________________________________<\/p>\n<p>&nbsp;<\/p>\n<p style=\"text-align: center\"><strong>CONVIDADOS<\/strong><\/p>\n<p style=\"text-align: center\"><strong>Dr. Arnold Farr<\/strong><\/p>\n<p><a href=\"http:\/\/ppgecpan.draconis.ufms.br\/files\/2016\/09\/1.-Arnold-Farr.png\"><img loading=\"lazy\" decoding=\"async\" class=\"alignnone size-full wp-image-2201 aligncenter\" src=\"http:\/\/ppgecpan.draconis.ufms.br\/files\/2016\/09\/1.-Arnold-Farr.png\" alt=\"1-arnold-farr\" width=\"190\" height=\"266\" \/><\/a><\/p>\n<p>Arnold L. Farr recebeu seu doutorado em filosofia pela Universidade de Kentucky em 1996. Ele se tornou um membro do departamento de filosofia na Universidade de St. Joseph, na Filad\u00e9lfia PA onde foi Professor Titular em 2002. Depois de 12 anos na Universidade de St. Joseph, Arnold foi contratado pela Universidade de Kentucky. Seus interesses de pesquisa s\u00e3o o Idealismo Alem\u00e3o, o Marxismo, a teoria cr\u00edtica, filosofia da ra\u00e7a, o p\u00f3s-modernismo, a psican\u00e1lise e filosofia da liberta\u00e7\u00e3o. Ele publicou numerosos artigos e cap\u00edtulos de livros sobre todos estes assuntos. Ele \u00e9 coautor e coeditor de <em>Grupos Marginais e Cultura Americana Dominante<\/em>. Em 2009 ele publicou a <em>Teoria Cr\u00edtica e Vis\u00e3o Democr\u00e1tica: Herbert Marcuse e Recentes Filosofias de Liberta\u00e7\u00e3o. <\/em>Ele est\u00e1 atualmente trabalhando em um livro sobre ra\u00e7a, uma cole\u00e7\u00e3o de ensaios sobre Marcuse, e um manuscrito de autoria \u00fanica intitulada <em>Falso Reconhecimento, Rivalidade Mim\u00e9tica, e unidimensionalidade: Rumo a uma Teoria Cr\u00edtica do Conflito Humano<\/em>. Arnold \u00e9 tamb\u00e9m o fundador e presidente da Sociedade Internacional Herbert Marcuse, que se re\u00fane a cada dois anos.<\/p>\n<p>&nbsp;<\/p>\n<p style=\"text-align: center\"><strong>Dr. Fabio Akcelrud Dur\u00e3o<\/strong><\/p>\n<p><a href=\"http:\/\/ppgecpan.draconis.ufms.br\/files\/2016\/09\/2.-Fabio-1.jpg\"><img loading=\"lazy\" decoding=\"async\" class=\"alignnone size-medium wp-image-2202 aligncenter\" src=\"http:\/\/ppgecpan.draconis.ufms.br\/files\/2016\/09\/2.-Fabio-1-300x225.jpg\" alt=\"2-fabio-1\" width=\"300\" height=\"225\" srcset=\"https:\/\/ppgecpan.ufms.br\/files\/2016\/09\/2.-Fabio-1-300x225.jpg 300w, https:\/\/ppgecpan.ufms.br\/files\/2016\/09\/2.-Fabio-1-768x576.jpg 768w, https:\/\/ppgecpan.ufms.br\/files\/2016\/09\/2.-Fabio-1-427x320.jpg 427w, https:\/\/ppgecpan.ufms.br\/files\/2016\/09\/2.-Fabio-1.jpg 960w\" sizes=\"(max-width: 300px) 100vw, 300px\" \/><\/a><\/p>\n<p>Professor Livre-Docente do Departamento de Teoria Liter\u00e1ria da Unicamp. Formou-se magna cum laude em Portugu\u00eas\/Ingl\u00eas pela UFRJ, e obteve o mestrado em Teoria Liter\u00e1ria pela UNICAMP. Seu doutorado foi feito na Duke University, onde estudou com Frank Lentricchia e Fredric Jameson. \u00c9 autor de *Fragmentos Reunidos* (Nankin, 2015), *Modernism and Coherence* (Peter Lang, 2008) e *Teoria (liter\u00e1ria) americana* (Autores Associados, 2011); coeditou, entre outros, *Modernism Group Dynamics: The Politics and Poetics of Friendship* (Cambridge Scholars Publishing, 2008); e organizou *Culture Industry Today* (Cambridge Scholars Publishing, 2010). Editor Associado da revista *Alea*, publicou diversos artigos no Brasil e no exterior, em peri\u00f3dicos como *Critique*, *Cultural Critique*, *Luso-Brazilian Review*, *Parallax*, *The Brooklyn Rail* e *Wasafiri*. Seus interesses de pesquisa incluem a Escola de Frankfurt, o modernismo de l\u00edngua inglesa e a teoria cr\u00edtica brasileira. Atualmente \u00e9 presidente da Associa\u00e7\u00e3o Nacional de P\u00f3s-Gradua\u00e7\u00e3o e Pesquisa em Letras e Lingu\u00edstica (ANPOLL).<\/p>\n<p>&nbsp;<\/p>\n<p style=\"text-align: center\"><strong>Dra. Isabella Fernanda Ferreira<\/strong><\/p>\n<p><a href=\"http:\/\/ppgecpan.draconis.ufms.br\/files\/2016\/09\/bella.png\"><img loading=\"lazy\" decoding=\"async\" class=\"size-medium wp-image-2291 aligncenter\" src=\"http:\/\/ppgecpan.draconis.ufms.br\/files\/2016\/09\/bella-245x300.png\" alt=\"bella\" width=\"245\" height=\"300\" srcset=\"https:\/\/ppgecpan.ufms.br\/files\/2016\/09\/bella-245x300.png 245w, https:\/\/ppgecpan.ufms.br\/files\/2016\/09\/bella-768x939.png 768w, https:\/\/ppgecpan.ufms.br\/files\/2016\/09\/bella-262x320.png 262w, https:\/\/ppgecpan.ufms.br\/files\/2016\/09\/bella.png 785w\" sizes=\"(max-width: 245px) 100vw, 245px\" \/><\/a><\/p>\n<p>Forma\u00e7\u00e3o acad\u00eamica em Educa\u00e7\u00e3o desenvolvendo pesquisas com o aux\u00edlio da Filosofia e da Sociologia &#8211; em especial &#8211; com as contribui\u00e7\u00f5es da Escola de Frankfurt. Concluiu Magist\u00e9rio integral no CEFAM (Centro Espec\u00edfico de Forma\u00e7\u00e3o e Aperfei\u00e7oamento do Magist\u00e9rio no Estado de S\u00e3o Paulo). Graduada em Pedagogia pela Universidade Federal de S\u00e3o Carlos (UFSCar), Mestre em Educa\u00e7\u00e3o Escolar pela Universidade Estadual Paulista J\u00falio de Mesquita Filho (UNESP\/FCLAr) e Doutora em Educa\u00e7\u00e3o Escolar pela UNESP\/FCLAr. Professora Adjunta II com regime de Dedica\u00e7\u00e3o Exclusiva na Universidade Federal do Mato Grosso do Sul &#8211; UFMS. Docente Permanente do Programa de P\u00f3s-Gradua\u00e7\u00e3o Stricto Sensu em Educa\u00e7\u00e3o Social da UFMS. Uma das Fundadoras e Coordenadoras na Rede Nacional de Pesquisa \u201cNEXOS -Teoria Cr\u00edtica e Pesquisa Interdisciplinar\u201d; &#8211; com sedes na UFMS (Centro-Oeste\/Norte), UFC (Nordeste), UFABC (Sudeste) e UDESC (Sul). Interesses de Temas de Pesquisa: a rela\u00e7\u00e3o da Educa\u00e7\u00e3o Social em seus diferentes fen\u00f4menos sociais em rela\u00e7\u00e3o com a M\u00eddia, Tecnologias, Cultura, Artes e, Organiza\u00e7\u00e3o do Trabalho em seus aspectos objetivos e subjetivos na perspectiva da Teoria Cr\u00edtica ou Escola de Frankfurt.<\/p>\n<p>&nbsp;<\/p>\n<p style=\"text-align: center\"><strong>Dr. Tiago Duque<\/strong><\/p>\n<p><a href=\"http:\/\/ppgecpan.draconis.ufms.br\/files\/2016\/09\/4.-Tiago-Duque.jpg\"><img loading=\"lazy\" decoding=\"async\" class=\"alignnone size-medium wp-image-2204 aligncenter\" src=\"http:\/\/ppgecpan.draconis.ufms.br\/files\/2016\/09\/4.-Tiago-Duque-300x199.jpg\" alt=\"4-tiago-duque\" width=\"300\" height=\"199\" srcset=\"https:\/\/ppgecpan.ufms.br\/files\/2016\/09\/4.-Tiago-Duque-300x199.jpg 300w, https:\/\/ppgecpan.ufms.br\/files\/2016\/09\/4.-Tiago-Duque-768x510.jpg 768w, https:\/\/ppgecpan.ufms.br\/files\/2016\/09\/4.-Tiago-Duque-482x320.jpg 482w, https:\/\/ppgecpan.ufms.br\/files\/2016\/09\/4.-Tiago-Duque-350x233.jpg 350w, https:\/\/ppgecpan.ufms.br\/files\/2016\/09\/4.-Tiago-Duque.jpg 960w\" sizes=\"(max-width: 300px) 100vw, 300px\" \/><\/a><\/p>\n<p>Tiago Duque \u00e9 professor do Curso de Ci\u00eancias Sociais da Universidade Federal de Mato Grosso do Sul (Campus de Campo Grande) e do Mestrado em Educa\u00e7\u00e3o (Campus do Pantanal &#8211; Corumb\u00e1). Desenvolve atividades, projetos e pesquisas sobre g\u00eanero, sexualidade e diferen\u00e7as. Possui doutorado em Ci\u00eancias Sociais pela Universidade Estadual de Campinas &#8211; UNICAMP (2013) e mestrado em Sociologia pela Universidade Federal de S\u00e3o Carlos &#8211; UFSCar (2009). Fez gradua\u00e7\u00e3o e licenciatura em Ci\u00eancias Sociais (2005) e gradua\u00e7\u00e3o em Ci\u00eancias Religiosas (1999) pela Pontif\u00edcia Universidade Cat\u00f3lica de Campinas &#8211; PUC Campinas. Foi professor do Centro de Ci\u00eancias Humanas e Sociais Aplicadas (CCHSA) e coordenou a \u00e1rea de sociologia no Programa Institucional de Inicia\u00e7\u00e3o \u00e0 Doc\u00eancia (PIBID\/CAPES) da PUC Campinas. Tamb\u00e9m tem experi\u00eancia como professor no Ensino Fundamental e M\u00e9dio, Educa\u00e7\u00e3o Social de Rua, Movimentos Sociais e Educa\u00e7\u00e3o \u00e0 Dist\u00e2ncia. Atuou no Governo Municipal de Campinas, na Secretaria de Sa\u00fade, como assessor do N\u00facleo de Educa\u00e7\u00e3o e Comunica\u00e7\u00e3o Social (NECS) do Programa Municipal de DST\/Aids. Participou da implementa\u00e7\u00e3o da \u00c1rea de Pesquisa; Diversidade sexual, poder e diferen\u00e7a junto ao PAGU &#8211; N\u00facleo de Estudos de G\u00eanero &#8211; UNICAMP. \u00c9 coordenador do Impr\u00f3prias &#8211; Grupo de pesquisa em g\u00eanero, sexualidade e diferen\u00e7as (CNPq\/UFMS).<\/p>\n<p>&nbsp;<\/p>\n<p style=\"text-align: center\"><strong>Dra. Constantina Xavier Filha<\/strong><\/p>\n<p><a href=\"http:\/\/ppgecpan.draconis.ufms.br\/files\/2016\/09\/tina.jpg\"><img loading=\"lazy\" decoding=\"async\" class=\"alignnone size-medium wp-image-2210 aligncenter\" src=\"http:\/\/ppgecpan.draconis.ufms.br\/files\/2016\/09\/tina-270x300.jpg\" alt=\"tina\" width=\"270\" height=\"300\" srcset=\"https:\/\/ppgecpan.ufms.br\/files\/2016\/09\/tina-270x300.jpg 270w, https:\/\/ppgecpan.ufms.br\/files\/2016\/09\/tina-288x320.jpg 288w, https:\/\/ppgecpan.ufms.br\/files\/2016\/09\/tina.jpg 327w\" sizes=\"(max-width: 270px) 100vw, 270px\" \/><\/a><\/p>\n<p>Graduada em Pedagogia pela Faculdade Unidas Cat\u00f3licas de Mato Grosso (1990), com mestrado em Educa\u00e7\u00e3o pela Universidade Federal de Mato Grosso do Sul (1998), doutorado em Educa\u00e7\u00e3o pela Universidade de S\u00e3o Paulo &#8211; FEUSP (2005) e realiza\u00e7\u00e3o de P\u00f3s-Doutorado pela Unicamp (2014\/205). Atualmente \u00e9 professora Associada da Universidade Federal do Mato Grosso do Sul &#8211; UFMS, campus de Campo Grande, atuando na Unidade de Educa\u00e7\u00e3o do Centro de Ci\u00eancias Humanas e Sociais e no Programa de P\u00f3s-gradua\u00e7\u00e3o em Educa\u00e7\u00e3o (CPAN\/UFMS). Atua na forma\u00e7\u00e3o inicial e continuada de educadoras e educadores e em pesquisas nas seguintes \u00e1reas: educa\u00e7\u00e3o sexual, educa\u00e7\u00e3o para a sexualidade, estudos de g\u00eanero, sexualidade, g\u00eanero e educa\u00e7\u00e3o, viol\u00eancias de g\u00eanero, viol\u00eancias contra crian\u00e7as e adolescentes e rela\u00e7\u00f5es pedag\u00f3gicas. Coordenadora do GT 23 da ANPEd Centro-Oeste. L\u00edder\/coordenadora do GEPSEX &#8211; Grupo de Estudos e Pesquisas em Sexualidade, Educa\u00e7\u00e3o e G\u00eanero &#8211; CNPq\/UFMS. Coordenadora de projetos de extens\u00e3o em apoio da SECADI\/MEC (de 2006-2013) e da PREAE\/UFMS. Autora e organizadora de livros, artigos e materiais educativos para a educa\u00e7\u00e3o para a sexualidade, para a equidade de g\u00eanero e para a diversidade sexual, entre eles, livros para a inf\u00e2ncia: As aventuras da Princesa Pantaneira (2012); Meninas e meninos t\u00eam direitos (2014); Viver sem viol\u00eancia \u00e9 um direito (2014); Do meu corpo eu cuido e protejo (2014); Princesa Pantaneira em: brincando no mundo m\u00e1gico do cinema (2014). Diretora e Produtora de filmes de anima\u00e7\u00e3o produzidos com crian\u00e7as de escolas p\u00fablicas de Campo Grande\/MS: J\u00e9ssica e J\u00fanior no mundo das cores (2010); Ser crian\u00e7a em Campo Grande: um document\u00e1rio animado (2011); A Princesa Pantaneira (2012); Queityl\u00e9ia em perigos reais (2012); Jo\u00e3o e Maria: dos contos \u00e0 realidade (2013) e Direitos das crian\u00e7as: uma aventura intergal\u00e1ctica (2013).<\/p>\n<p>&nbsp;<\/p>\n<p style=\"text-align: center\"><strong>Dra. Josiane Peres Gon\u00e7alves<\/strong><\/p>\n<p><a href=\"http:\/\/ppgecpan.draconis.ufms.br\/files\/2016\/09\/6.-Josiane.jpg\"><img loading=\"lazy\" decoding=\"async\" class=\"alignnone size-medium wp-image-2206 aligncenter\" src=\"http:\/\/ppgecpan.draconis.ufms.br\/files\/2016\/09\/6.-Josiane-282x300.jpg\" alt=\"6-josiane\" width=\"282\" height=\"300\" srcset=\"https:\/\/ppgecpan.ufms.br\/files\/2016\/09\/6.-Josiane-282x300.jpg 282w, https:\/\/ppgecpan.ufms.br\/files\/2016\/09\/6.-Josiane-300x320.jpg 300w, https:\/\/ppgecpan.ufms.br\/files\/2016\/09\/6.-Josiane.jpg 368w\" sizes=\"(max-width: 282px) 100vw, 282px\" \/><\/a><\/p>\n<p>Josiane Peres Gon\u00e7alves \u00e9 Doutora em Educa\u00e7\u00e3o pela Pontif\u00edcia Universidade Cat\u00f3lica do Rio Grande do Sul (PUCRS) em 2009; Mestre em Psicologia Social e da Personalidade pela mesma institui\u00e7\u00e3o em 2002; graduada em Pedagogia pela Universidade Paranaense em 1998. \u00c9 Professora Adjunta da Universidade Federal de Mato Grosso do Sul Campus de Navira\u00ed (UFMS\/CPNV), com regime de dedica\u00e7\u00e3o exclusiva. Tem experi\u00eancia como diretora de campus, coordenadora do curso de Pedagogia, docente de diversos cursos de licenciaturas e especializa\u00e7\u00e3o, e ainda como professora da Educa\u00e7\u00e3o B\u00e1sica. Atua na \u00e1rea de Educa\u00e7\u00e3o, com \u00eanfase em Psicologia Educacional. \u00c9 l\u00edder do Grupo de Estudo e Pesquisa em Desenvolvimento, G\u00eanero e Educa\u00e7\u00e3o (GEPDGE). Coordena a pesquisa: Representa\u00e7\u00f5es Sociais de Fam\u00edlias, Gestores e Docentes do G\u00eanero Masculino do Estado de Mato Grosso do Sul Sobre a Atua\u00e7\u00e3o de Homens Professores com Crian\u00e7as, financiada pelo CNPq.<\/p>\n<p>&nbsp;<\/p>\n<p style=\"text-align: center\"><strong>Dr. Ravel Giordano Paz<\/strong><\/p>\n<p><a href=\"http:\/\/ppgecpan.draconis.ufms.br\/files\/2016\/09\/7.-Ravel.jpg\"><img loading=\"lazy\" decoding=\"async\" class=\"alignnone size-full wp-image-2207 aligncenter\" src=\"http:\/\/ppgecpan.draconis.ufms.br\/files\/2016\/09\/7.-Ravel.jpg\" alt=\"7-ravel\" width=\"225\" height=\"206\" \/><\/a><\/p>\n<p>Possui gradua\u00e7\u00e3o em Letras (Licenciatura Plena &#8211; Portugu\u00eas\/Ingl\u00eas) pela Universidade Federal de Mato Grosso do Sul (1997), mestrado em Teoria e Hist\u00f3ria da Literatura pela Universidade Estadual de Campinas (2001) e doutorado em Letras Cl\u00e1ssicas e Vern\u00e1culas (Estudos Comparados de Literaturas de L\u00edngua Portuguesa) pela Universidade de S\u00e3o Paulo (2006). No mestrado, estudou o espa\u00e7o da contradi\u00e7\u00e3o nos dois primeiros romances de Chico Buarque, Estorvo e Benjamim, e no doutorado o sublime rom\u00e2ntico em Machado de Assis, numa aproxima\u00e7\u00e3o contrastiva com a obra de Almeida Garrett. Interessa-se, atualmente, pelas rela\u00e7\u00f5es entre m\u00fasica e literatura, propondo o estudo de \u00e1lbuns de can\u00e7\u00f5es como obras literomusicais. Atua nesse sentido junto ao Grupo de Pesquisa Historiografia, c\u00e2none e ensino.<\/p>\n<p>&nbsp;<\/p>\n<p style=\"text-align: center\"><strong>Dr. Julio Augusto Xavier Galharte<\/strong><\/p>\n<p><a href=\"http:\/\/ppgecpan.draconis.ufms.br\/files\/2016\/09\/8.-Julio.jpg\"><img loading=\"lazy\" decoding=\"async\" class=\"alignnone size-medium wp-image-2208 aligncenter\" src=\"http:\/\/ppgecpan.draconis.ufms.br\/files\/2016\/09\/8.-Julio-300x168.jpg\" alt=\"8-julio\" width=\"300\" height=\"168\" srcset=\"https:\/\/ppgecpan.ufms.br\/files\/2016\/09\/8.-Julio-300x168.jpg 300w, https:\/\/ppgecpan.ufms.br\/files\/2016\/09\/8.-Julio-768x431.jpg 768w, https:\/\/ppgecpan.ufms.br\/files\/2016\/09\/8.-Julio-1024x575.jpg 1024w, https:\/\/ppgecpan.ufms.br\/files\/2016\/09\/8.-Julio-570x320.jpg 570w, https:\/\/ppgecpan.ufms.br\/files\/2016\/09\/8.-Julio.jpg 1040w\" sizes=\"(max-width: 300px) 100vw, 300px\" \/><\/a><\/p>\n<p>Possui P\u00f3s-doutorado em Teoria Liter\u00e1ria pela UNICAMP, mestre e doutor em Letras (Teoria Liter\u00e1ria e Literatura Comparada) pela USP, graduado em Letras pela UFMS; professor na UEMS.<\/p>\n<p>&nbsp;<\/p>\n<p style=\"text-align: center\"><strong>Dr. Rauer\u00a0 Ribeiro Rodrigues<\/strong><\/p>\n<p><a href=\"http:\/\/ppgecpan.draconis.ufms.br\/files\/2016\/09\/s200_rauer.ribeiro_rodrigues.jpg\"><img loading=\"lazy\" decoding=\"async\" class=\"alignnone size-full wp-image-2209 aligncenter\" src=\"http:\/\/ppgecpan.draconis.ufms.br\/files\/2016\/09\/s200_rauer.ribeiro_rodrigues.jpg\" alt=\"s200_rauer-ribeiro_rodrigues\" width=\"200\" height=\"200\" \/><\/a><\/p>\n<p>Professor Associado da UFMS, atua na \u00e1rea de Literatura Brasileira no C\u00e2mpus do Pantanal, em Corumb\u00e1, atua como professor permanente no PPG-Letras Mestrado e Doutorado da UFMS de Tr\u00eas Lagoas. Integra o GT Hist\u00f3ria da Literatura da ANPOLL. Coordena o Grupo de Pesquisa Luiz Vilela &#8211; GPLV (http:\/\/gpluizvilela.blogspot.com). Possui gradua\u00e7\u00e3o em Hist\u00f3ria (ISEPI, 1991), especializa\u00e7\u00e3o em Literatura Comparada (UFU, 2001), doutorado em Estudos Liter\u00e1rios (Unesp, Araraquara, 2006), e P\u00f3s-Doc (UERJ, 2012). Suas publica\u00e7\u00f5es voltam-se principalmente para os seguintes temas: literatura brasileira, hist\u00f3ria da literatura, literatura e ensino, teoria da literatura, conto, e literatura regional de Mato Grosso do Sul. \u00c9 ficcionista, com sete t\u00edtulos publicados.<\/p>\n<p>__________________________________________________________________________________________________________________________________<\/p>\n<p><img loading=\"lazy\" decoding=\"async\" class=\" wp-image-2258 aligncenter\" src=\"http:\/\/ppgecpan.draconis.ufms.br\/files\/2016\/09\/NEXOS.png\" alt=\"nexos\" width=\"518\" height=\"164\" \/><\/p>\n<p style=\"text-align: center\"><strong>Rede Nacional de Pesquisa \u201cNEXOS Teoria Cr\u00edtica e Pesquisa Interdisciplinar\u201d<\/strong><\/p>\n<p><strong>\u00a0<\/strong><\/p>\n<p style=\"text-align: center\">Que o impulso de vis\u00e3o de mundo a orientar o trabalho desde Instituto possa ser a vontade inflex\u00edvel de servir<\/p>\n<p style=\"text-align: center\">(Discurso de posse \u00e0 dire\u00e7\u00e3o do Instituto de Pesquisa Social de Frankfurt de Max Horkheimer)<\/p>\n<p>&nbsp;<\/p>\n<p>A Rede Nacional de Pesquisa \u201cNEXOS \u2013 Teoria Cr\u00edtica e Pesquisa Interdisciplinar\u201d foi fundada no dia 05\/09\/2014 pelas professoras pesquisadoras Dra. Isabella Fernanda Ferreira, Dra. Deborah Christina Antunes e Dra. Marilia Mello Pisani. Do encontro ocorrido nessa citada data no munic\u00edpio de Piracicaba no Estado de S\u00e3o Paulo a convite da prof. Dra. Isabella Fernanda Ferreira, propostas comuns de pesquisa com a Teoria Cr\u00edtica, bem como, trabalhos j\u00e1 desenvolvidos por cada uma dessas docentes em suas experi\u00eancias passadas estabeleceram intersec\u00e7\u00f5es que possibilitou a cria\u00e7\u00e3o da Rede Nacional de Pesquisa em Teoria Cr\u00edtica &#8211; NEXOS.<\/p>\n<p>Ap\u00f3s esse primeiro encontro iniciamos um processo de reuni\u00f5es virtuais e novos contatos com outros pesquisadores e estudantes para a formaliza\u00e7\u00e3o da Rede Nexos de Pesquisa junto ao CNPq com o objetivo de conseguirmos sedes interinstitucionais do Nexos em cada regi\u00e3o do nosso pa\u00eds. Esse processo \u2013 caracterizado pela fase de inicia\u00e7\u00e3o e organiza\u00e7\u00e3o das sedes Nexos, teve seu in\u00edcio em nossa primeira reuni\u00e3o <em>on line<\/em>, datada de 27 de outubro de 2014 em que decidimos que a Rede Nexos de Pesquisa seria estrutura pelas diferentes regi\u00f5es do Brasil. O processo de estrutura\u00e7\u00e3o dessas diferentes sedes regionais durou at\u00e9 03 de novembro de 2015.<\/p>\n<p>Historicamente a formaliza\u00e7\u00e3o do Rede Nexos no CNPq cronologicamente se efetivou da seguinte maneira: o NEXOS \u2013 Centro-Oeste coordenado pela prof. Dra. Isabella Fernanda Ferreira tendo como sede a UFMS (Universidade Federal de Mato Grosso do Sul) foi certificado em 15\/07\/2014, cujo, nome na \u00e9poca era GEPE \u201cGrupo de Estudos, Pesquisa e Extens\u00e3o: Teoria Cr\u00edtica e Forma\u00e7\u00e3o Cultural\u201d modificado em 12\/11\/2014 para \u201cNexos Teoria Cr\u00edtica e Pesquisa Interdisciplinar Centro-Oeste\u201d; o NEXOS \u2013 Nordeste coordenado pela prof. Dra. Deborah Christina Antunes tendo como sede a UFC (Universidade Federal do Cear\u00e1) foi certificado em 18\/04\/2015; o NEXOS \u2013 Sudeste coordenadora pela prof. Dra. Marilia Mello Pisani tendo como sede a UFABC (Universidade Federal do ABC) foi certificado em 29\/04\/2015, o NEXOS \u2013 Sul coordenado pela prof. Dra. Roselaine Ripa tendo como sede a UDESC (Universidade Estadual de Santa Catarina) em 03\/11\/2015 e, por fim; a sede do NEXOS \u2013 Norte sob a coordena\u00e7\u00e3o da prof. Dra. Rosely Cabral Giordano da UFPA (Universidade Federal do Par\u00e1) que realizou a op\u00e7\u00e3o por funcionar conjuntamente com o NEXOS Centro-Oeste que se fundiu em NEXOS Centro-Oeste\/Norte. Enfatizamos que tal processo se encontrar\u00e1 sempre flex\u00edvel para novas reestrutura\u00e7\u00f5es com a finalidade de estarmos sempre recebendo novos pesquisadores, estudantes, bem como, parceiros nacionais e internacionais para o desenvolvimento de nosso trabalho de pesquisa coletiva. Acrescentamos que cada sede do NEXOS possui pesquisadores e estudantes de diferentes Universidades que podem ser detalhadamente visualizados no Portal de Diret\u00f3rio de Grupos de Pesquisa do CNPq.<\/p>\n<p>Nesse sentido, a Rede de Pesquisa Nexos, procurando cumprir o ideal inicialmente pensado pelos Te\u00f3ricos Cr\u00edticos de uma pesquisa que seja uma constru\u00e7\u00e3o coletiva e interdisciplinar fundamentadas em um mesmo m\u00e9todo de an\u00e1lise, estruturou a\u00a0 sua din\u00e2mica de funcionamento na seguinte organiza\u00e7\u00e3o: cada sede regional possui seus grupos de estudos, orienta\u00e7\u00e3o e pesquisas locais com os estudantes e pesquisadores de suas universidades, como tamb\u00e9m estabelecem parcerias regionais com outros pesquisadores e grupos. Por meio da Rede Nexos, as pesquisas permanecem conectadas com as cinco regi\u00f5es do pa\u00eds: Norte, Nordeste, Sudeste, Sul e Centro-Oeste. Do confronto entre os resultados das pesquisas nas diversas regi\u00f5es espera-se criar um mapa das express\u00f5es sociais, pol\u00edticas e culturais contempor\u00e2neas, estabelecendo uma maior integra\u00e7\u00e3o entre as pesquisas acad\u00eamicas e a produ\u00e7\u00e3o de conhecimento em teoria social no pa\u00eds.<\/p>\n<p>Os encontros entre as coordenadoras das diferentes sedes da Rede Nexos de Pesquisa ocorrem virtualmente e presencialmente com a finalidade de estabelecerem media\u00e7\u00e3o entre as decis\u00f5es dos demais pesquisadores da Rede. A Rede Nacional Nexos de Pesquisa realiza eventos cient\u00edficos rotativos pelas suas diferentes sedes regionais objetivando o planejamento de pesquisas coletivas envolvendo os pesquisadores de todos os grupos interinstitucionais, como tamb\u00e9m de pesquisas locais envolvendo as regi\u00f5es do pa\u00eds em suas idiossincrasias locais. Os eventos cient\u00edficos com a presen\u00e7a dos pesquisadores das cinco regi\u00f5es do pa\u00eds sempre abordar\u00e3o tem\u00e1ticas relacionadas \u00e0s pesquisas coletivas que os mesmos tiverem a inten\u00e7\u00e3o de desenvolver com a finalidade de promover o planejamento e acompanhamento das mesmas.<\/p>\n<p>Interessa-nos com essa Rede de Pesquisa, atualizar as an\u00e1lises e diagn\u00f3sticos de alguns dos pensadores da assim chamada Escola de Frankfurt compreendendo que os diagn\u00f3sticos feitos por eles precisam ser revitalizados, como \u00e9 pr\u00f3prio a uma teoria materialista e hist\u00f3rica, na qual, essa atualiza\u00e7\u00e3o tem como finalidade avan\u00e7ar num sentido espec\u00edfico, que segundo Horkheimer no seu discurso de posse do Instituto de Pesquisas Sociais de Frankfurt \u00e9 o de construir uma teoria da sociedade, na qual,\u00a0 a filosofia n\u00e3o seja separada da pesquisa emp\u00edrica.<\/p>\n<p>Desde o nascimento do Instituto de Pesquisas Sociais de Frankfurt era claro para os te\u00f3ricos cr\u00edticos que a complexidade das experi\u00eancias contempor\u00e2neas exigia um trabalho de pesquisa amplo, de caracter\u00edstica coletiva e interdisciplinar, capaz de, no contato com os fen\u00f4menos hist\u00f3ricos em transforma\u00e7\u00e3o, acessar a materialidade hist\u00f3rica que estaria na base de seus conceitos filos\u00f3ficos fundamentais. De Kant a Hegel e Marx, a ideia de que a filosofia social que se ocupa do \u201cdestino dos homens\u201d precisa integrar a contribui\u00e7\u00e3o do conhecimento cient\u00edfico anima muitas das pesquisas dos frankfurtianos. N\u00e3o se travava, para eles, de fazer com que a filosofia assumisse os problemas decisivos em termos de valores e quest\u00f5es fundamentais sobre a realidade que as ci\u00eancias n\u00e3o conseguiam resolver, enquanto estas, recolhendo dados emp\u00edricos, iriam, por sua vez, acumulando uma infinidade de dados especializados: mais do que isso, a ideia \u00e9 que os problema humanos mais amplos, guiando as pesquisas particulares, e estas, com seus resultados, influenciando a forma de pensar e resolver estes mesmo problemas, pudessem levar a uma permanente e \u00edntima rela\u00e7\u00e3o entre a teoria filos\u00f3fica, a pr\u00e1tica das ci\u00eancias particulares e a dial\u00e9tica.<\/p>\n<p>No discurso de posse \u00e0 dire\u00e7\u00e3o do Instituto de Pesquisa Social de Frankfurt, Horkheimer assume essa tarefa e prop\u00f5e que se busque colaboradores, conhecimentos e metodologias, as mais interdisciplinares poss\u00edveis, para atingir este fim e, como exemplo, sugere diversos instrumentos metodol\u00f3gicos para a coleta de dados emp\u00edricos.<\/p>\n<p>Seguindo essa tradi\u00e7\u00e3o, entretanto, sem a limita\u00e7\u00e3o de reproduzi-la, mas, buscando uma permanente supera\u00e7\u00e3o, a Rede de Pesquisa \u201cNexos Teoria Cr\u00edtica e Pesquisa Interdisciplinar\u201d tem como objetivo manter as idiossincrasias da Escola de Frankfurt em suas pesquisas: a n\u00e3o dissocia\u00e7\u00e3o da pesquisa emp\u00edrica, o car\u00e1ter coletivo e interdisciplinar no trabalho dos seus pesquisadores tendo como matriz epistemol\u00f3gica para as nossas an\u00e1lises &#8211; o m\u00e9todo materialista hist\u00f3rico dial\u00e9tico negativo &#8211; fundamentado em suas tr\u00eas centrais caracter\u00edsticas &#8211; a \u00eanfase na negatividade da dial\u00e9tica, a exist\u00eancia de um duplo sentido para os conceitos e, por fim, a depend\u00eancia do conceitual a tudo que n\u00e3o \u00e9 conceitual.<\/p>\n<p>Com isso, respeitamos a tradi\u00e7\u00e3o frankfurtiana na defesa de uma teoria reflexiva que \u00e9 contr\u00e1ria \u00e0 teoria tradicional cartesiana buscando uma teoria cr\u00edtica e abrangente da sociedade que, partindo do m\u00e9todo dial\u00e9tico negativo busca por meio da pr\u00f3pria teoria ser pr\u00e1tica social para a emancipa\u00e7\u00e3o.<\/p>\n<p>Destacamos que por meio dessa sinopse apresentada, j\u00e1 explicitamos a escolha do nome de nossa rede que busca tecer os NEXOS dial\u00e9ticos negativos entre uma Teoria Cr\u00edtica da Sociedade em um Trabalho Interdisciplinar e Coletivo de pesquisadores, enfim, esclarecemos que fundamentada nesses princ\u00edpios, a Rede de Pesquisa \u201cNEXOS Teoria Cr\u00edtica e Pesquisa Interdisciplinar\u201d &#8211; constituiu-se. Al\u00e9m de estabelecermos conex\u00e3o entre os diferentes grupos interinstitucionais que comp\u00f5em a anunciada Rede de Pesquisa, cada grupo interinstitucional possui suas caracter\u00edsticas imanentes. Com isso, apresentamos o Grupo Interinstitucional de Pesquisa \u2013 NEXOS Teoria Cr\u00edtica e Pesquisa Interdisciplinar \u2013 Centro-Oeste\/Norte que possui como l\u00edder a professora Dra. Isabella Fernanda Ferreira com sede na Universidade Federal de Mato Grosso do Sul, vinculado ao Programa de P\u00f3s-gradua\u00e7\u00e3o em Educa\u00e7\u00e3o Social do Campus do Pantanal.<\/p>\n<p>&nbsp;<\/p>\n<p><strong>&#8211; Grupo Interinstitucional \u201cNEXOS Teoria Cr\u00edtica e Pesquisa Interdisciplinar &#8211; Centro-Oeste\/Norte\u201d<\/strong><\/p>\n<p><strong>\u00a0<\/strong><\/p>\n<p>A sede regional Centro-Oeste\/Norte da Rede Nacional de Pesquisa \u201cTeoria Cr\u00edtica e Pesquisa Interdisciplinar\u201d est\u00e1 locada na UFMS coordenado pela prof. Dra. Isabella Fernanda Ferreira com pesquisadores da Universidade Federal de Mato Grosso do Sul &#8211; UFMS, Universidade Federal de Goi\u00e1s \u2013 UFG, Instituto Federal de Mato Grosso do Sul &#8211; IFMS, Universidade Federal do Par\u00e1 &#8211; UFPA, e tamb\u00e9m iniciou uma parceria com a Universidade Estadual do Par\u00e1 &#8211; UEPA, Instituto Federal de Rond\u00f4nia IFRO e Instituto Federal de S\u00e3o Paulo &#8211; IFSP.<\/p>\n<p>O interesse de pesquisa do Grupo Interinstitucional de Pesquisa \u201cNEXOS Teoria Cr\u00edtica e Pesquisa Interdisciplinar Centro-Oeste\/Norte\u201d se relaciona sinteticamente com as seguintes tem\u00e1ticas: a Educa\u00e7\u00e3o Social em seus diferentes fen\u00f4menos sociais e suas rela\u00e7\u00f5es com as diferentes M\u00eddias, Tecnologias, Cultura, Artes, bem como, a Organiza\u00e7\u00e3o do Trabalho, tanto em seus aspectos objetivos como nos aspectos subjetivos analisados na perspectiva da Teoria Cr\u00edtica ou Escola de Frankfurt.<\/p>\n<p>O Grupo Interinstitucional de Estudos, Pesquisa e Extens\u00e3o &#8220;NEXOS Teoria Cr\u00edtica e Pesquisa Interdisciplinar- Centro-Oeste\/Norte&#8221; funciona desde o ano de 2014 e tem como objetivo ampliar os estudos, as pesquisas e a\u00e7\u00f5es de extens\u00e3o relacionadas a investiga\u00e7\u00f5es sobre fen\u00f4menos educacionais e educativos em suas diferentes manifesta\u00e7\u00f5es e multidimensionalidades, em espa\u00e7os escolares, n\u00e3o escolares e informais enfatizando tem\u00e1ticas como: a Forma\u00e7\u00e3o Cultural pesquisando os processos de produ\u00e7\u00e3o da cultura e a sua massifica\u00e7\u00e3o, a inser\u00e7\u00e3o das novas tecnologias da informa\u00e7\u00e3o e a produ\u00e7\u00e3o de atividades art\u00edsticas em suas diferentes manifesta\u00e7\u00f5es. Nossas inten\u00e7\u00f5es de pesquisa est\u00e3o diretamente e indiretamente relacionadas \u00e0 Linha de Pesquisa \u201cG\u00eanero e Sexualidades, Cultura e Educa\u00e7\u00e3o e Sa\u00fade\u201d do Programa de P\u00f3s-Gradua\u00e7\u00e3o em Educa\u00e7\u00e3o Social do CPAN \u2013 PPGE\/CPAN\/UFMS na qual, nosso grupo interinstitucional de pesquisa est\u00e1 vinculado e que apresentamos em seguida:<\/p>\n<p>&nbsp;<\/p>\n<p><strong>&#8211; Linha de Pesquisa do PPGE\/CPAN: \u201cG\u00eanero e Sexualidades, Cultura e Educa\u00e7\u00e3o e Sa\u00fade\u201d<\/strong><\/p>\n<p><strong>\u00a0<\/strong><\/p>\n<p>Esta linha de pesquisa re\u00fane reflex\u00f5es te\u00f3ricas metodol\u00f3gicas em torno de grandes temas e suas interfaces com a Educa\u00e7\u00e3o Social. Visando a articula\u00e7\u00e3o entre as \u00e1reas de pesquisa dos docentes que a integram e a amplia\u00e7\u00e3o de estudos que possam ser realizados, apresenta-se em tr\u00eas macros temas: G\u00eanero e Sexualidades, Cultura e Sa\u00fade.<\/p>\n<ol>\n<li><strong>G\u00eaneros, Sexualidades e Educa\u00e7\u00e3o Social:<\/strong> G\u00eaneros, Sexualidades, Masculinidades e Feminilidades, Feminismo, Viol\u00eancias, Alteridades; Identidades, Normatividades, Vulnerabilidades, Ativismo Social, Desigualdades Sociais e Pol\u00edticas P\u00fablicas;<\/li>\n<li><strong>Cultura e Educa\u00e7\u00e3o Social: <\/strong>Artefatos Culturais, M\u00eddias em suas circula\u00e7\u00f5es e consumos (TV, jornal, revista, s\u00edtios de internet, redes sociais, cinema e v\u00eddeo), Tecnologias, Artes, Organiza\u00e7\u00e3o do Trabalho, Subjetividades e Objetividades, Transnacionalidade, Cultura e Pol\u00edticas P\u00fablicas,<\/li>\n<li><strong>Sa\u00fade e Educa\u00e7\u00e3o social: <\/strong>Educa\u00e7\u00e3o e Sa\u00fade, Sa\u00fade e Desenvolvimento Humano, Sa\u00fade como Direito Humano, Educa\u00e7\u00e3o Popular em Sa\u00fade, Interconex\u00e3o Cultural e Sa\u00fade, Sa\u00fade e Fronteira; Determinantes Sociais e Sa\u00fade, Pol\u00edticas P\u00fablicas de Aten\u00e7\u00e3o \u00e0 Sa\u00fade.<\/li>\n<\/ol>\n<p>Atualmente, a linha de pesquisa \u201cG\u00eanero e Sexualidades, Cultura e Educa\u00e7\u00e3o e Sa\u00fade\u201d do Programa de P\u00f3s-gradua\u00e7\u00e3o em Educa\u00e7\u00e3o Social \u2013 PPGE\/CPAN possui os seguintes grupos de pesquisa vinculados a ela: \u201cNEXOS Teoria Cr\u00edtica e Pesquisa Interdisciplinar \u2013 Centro \u2013 Oeste\/Norte\u201d coordenado pela prof. Dra. Isabella Fernanda Ferreira, \u201cImpr\u00f3prias &#8211; Grupo de Pesquisa em G\u00eanero, Sexualidade e Diferen\u00e7as\u201d coordenado pelo prof. Dr. Tiago Duque, \u201cGEPSEX &#8211; Grupo de Estudos e Pesquisas em Sexualidades, Educa\u00e7\u00e3o e G\u00eanero\u201d coordenado pela prof. Dra. Constantina Xavier, \u201cNEPI\/PANTANAL &#8211; N\u00facleo de Estudos e Pesquisas Interdisciplinares em Pol\u00edticas p\u00fablicas, direitos humanos, g\u00eanero, vulnerabilidades e viol\u00eancias\u201d coordenado pela prof. Dra. Cl\u00e1udia Ara\u00fajo de Lima e, por fim, o \u201cGrupo de Estudo e Pesquisa em Desenvolvimento, G\u00eanero e Educa\u00e7\u00e3o\u201d coordenado pela prof. Dra. Josiane Peres Gon\u00e7alves.<\/p>\n<p>__________________________________________________________________________________________________________________________________<\/p>\n<p style=\"text-align: left\">Segunda\u00a0etapa do Plano de trabalho com apoio FUNDECT\/PAPOS\/CAPES:<\/p>\n<p style=\"text-align: center\"><strong>II Simp\u00f3sio Internacional de Teoria Cr\u00edtica e I Encontro NEXOS &#8211; Teoria Cr\u00edtica e Pesquisa Interdisciplinar\u00a0na Universidade Federal do Cear\u00e1:\u00a0<a href=\"http:\/\/www.nexos.ufc.br\/encontro2016\/\" target=\"_blank\" rel=\"noopener noreferrer\">http:\/\/www.nexos.ufc.br\/encontro2016\/<\/a><\/strong><\/p>\n<p><a href=\"http:\/\/ppgecpan.draconis.ufms.br\/files\/2016\/09\/cartaz-correto-para-o-evento-UFC.jpg\"><img loading=\"lazy\" decoding=\"async\" class=\"size-medium wp-image-2264 aligncenter\" src=\"http:\/\/ppgecpan.draconis.ufms.br\/files\/2016\/09\/cartaz-correto-para-o-evento-UFC-212x300.jpg\" alt=\"cartaz-correto-para-o-evento-ufc\" width=\"212\" height=\"300\" srcset=\"https:\/\/ppgecpan.ufms.br\/files\/2016\/09\/cartaz-correto-para-o-evento-UFC-212x300.jpg 212w, https:\/\/ppgecpan.ufms.br\/files\/2016\/09\/cartaz-correto-para-o-evento-UFC-768x1086.jpg 768w, https:\/\/ppgecpan.ufms.br\/files\/2016\/09\/cartaz-correto-para-o-evento-UFC-724x1024.jpg 724w, https:\/\/ppgecpan.ufms.br\/files\/2016\/09\/cartaz-correto-para-o-evento-UFC-226x320.jpg 226w, https:\/\/ppgecpan.ufms.br\/files\/2016\/09\/cartaz-correto-para-o-evento-UFC.jpg 1448w\" sizes=\"(max-width: 212px) 100vw, 212px\" \/><\/a><\/p>\n<p style=\"text-align: center\">Rede de pesquisa NEXOS<\/p>\n<p style=\"text-align: center\">Dra. Roselaine Ripa (coordenadora do NEXOS Sul)<br \/>\nDra. Isabella Fernanda Ferreira (coordenadora do NEXOS Centro-Oeste\/Norte)<br \/>\nDra. Deborah Christina Antunes (coordenadora do NEXOS Nordeste)<br \/>\nDra. Marilia Mello Pisani (coordenadora do NEXOS Sudeste)<\/p>\n<p>&nbsp;<\/p>\n","protected":false},"excerpt":{"rendered":"<p>Apoio FUNDECT\/PAPOS\/CAPES INFORMAMOS QUE EM VIRTUDE DO N\u00daMERO DE INSCRITOS TER ULTRAPASSADO A CAPACIDADE DO AUDIT\u00d3RIO DA UNIDADE III DO CPAN E DO SESC, QUE TODO O EVENTO OCORRER\u00c1 NO ANFITEATRO SALOM\u00c3O BARUKI. Primeira\u00a0etapa do Plano de trabalho com apoio FUNDECT\/PAPOS\/CAPES: FA\u00c7A SUA INSCRI\u00c7\u00c3O CLICANDO AQUI. Ser\u00e1 emitido certificado de participa\u00e7\u00e3o de 20 horas, mediante [&hellip;]<\/p>\n","protected":false},"author":2660,"featured_media":0,"parent":0,"menu_order":0,"comment_status":"closed","ping_status":"closed","template":"","meta":{"footnotes":""},"coauthors":[],"class_list":["post-2194","page","type-page","status-publish","hentry"],"_links":{"self":[{"href":"https:\/\/ppgecpan.ufms.br\/en\/wp-json\/wp\/v2\/pages\/2194","targetHints":{"allow":["GET"]}}],"collection":[{"href":"https:\/\/ppgecpan.ufms.br\/en\/wp-json\/wp\/v2\/pages"}],"about":[{"href":"https:\/\/ppgecpan.ufms.br\/en\/wp-json\/wp\/v2\/types\/page"}],"author":[{"embeddable":true,"href":"https:\/\/ppgecpan.ufms.br\/en\/wp-json\/wp\/v2\/users\/2660"}],"replies":[{"embeddable":true,"href":"https:\/\/ppgecpan.ufms.br\/en\/wp-json\/wp\/v2\/comments?post=2194"}],"version-history":[{"count":82,"href":"https:\/\/ppgecpan.ufms.br\/en\/wp-json\/wp\/v2\/pages\/2194\/revisions"}],"predecessor-version":[{"id":2928,"href":"https:\/\/ppgecpan.ufms.br\/en\/wp-json\/wp\/v2\/pages\/2194\/revisions\/2928"}],"wp:attachment":[{"href":"https:\/\/ppgecpan.ufms.br\/en\/wp-json\/wp\/v2\/media?parent=2194"}],"wp:term":[{"taxonomy":"author","embeddable":true,"href":"https:\/\/ppgecpan.ufms.br\/en\/wp-json\/wp\/v2\/coauthors?post=2194"}],"curies":[{"name":"wp","href":"https:\/\/api.w.org\/{rel}","templated":true}]}}