{"id":3808,"date":"2019-03-29T16:04:35","date_gmt":"2019-03-29T20:04:35","guid":{"rendered":"https:\/\/ppgecpan.ufms.br\/?page_id=3808"},"modified":"2021-12-22T09:59:50","modified_gmt":"2021-12-22T13:59:50","slug":"processo-seletivo-2019-2","status":"publish","type":"page","link":"https:\/\/ppgecpan.ufms.br\/en\/processo-seletivo-2019-2\/","title":{"rendered":"Sele\u00e7\u00f5es 2019"},"content":{"rendered":"<h4><\/h4>\n<div class=\"panel-group\" id=\"custom-collapse-0\"><br class=\"nc\" \/><div class=\"panel panel-default\">\n\t\t\t\t<div class=\"panel-heading\">\n\t\t\t\t\t<h4 class=\"panel-title\">\n\t\t\t\t\t\t<a class=\"collapsed\" data-toggle=\"collapse\" data-parent=\"#custom-collapse-0\" href=\"#custom-collapse-0-0\">Processo Seletivo - aluno regular 2019.2<\/a>\n\t\t\t\t\t<\/h4>\n\t\t\t\t<\/div>\n\t\t\t\t<div id=\"custom-collapse-0-0\" class=\"panel-collapse collapse\">\n\t\t\t\t\t<div class=\"panel-body\"><br class=\"nc\" \/><a href=\"https:\/\/ppgecpan.ufms.br\/files\/2019\/03\/EDITAL-Mestrado-em-Educacao_CPAN-n-2-2019.pdf\" target=\"_blank\" rel=\"noopener noreferrer\">EDITAL DE ABERTURA<\/a><\/p>\n<p><a href=\"https:\/\/ppgecpan.ufms.br\/files\/2019\/03\/EDITAL-DE-RETIFICA\u00c7\u00c3O.pdf\" target=\"_blank\" rel=\"noopener noreferrer\">EDITAL DE RETIFICA\u00c7\u00c3O<\/a><\/p>\n<p><a href=\"https:\/\/ppgecpan.ufms.br\/files\/2019\/03\/RESULTADO-DO-PEDIDO-DE-ISEN\u00c7\u00c3O.pdf\" target=\"_blank\" rel=\"noopener noreferrer\">RESULTADO DO PEDIDO DE ISEN\u00c7\u00c3O DE TAXA<\/a>\u00a0atualizado<\/p>\n<p><a href=\"https:\/\/ppgecpan.ufms.br\/files\/2019\/03\/RESULTADO-DO-RECURSO-PEDIDO-DE-ISEN\u00c7\u00c3O-DE-TAXA.pdf\" target=\"_blank\" rel=\"noopener noreferrer\">RESULTADO DO RECURSO PEDIDO DE ISEN\u00c7\u00c3O<\/a><\/p>\n<p><a href=\"https:\/\/ppgecpan.ufms.br\/files\/2019\/03\/RELA\u00c7\u00c3O-INSCRITOS-NAS-A\u00c7\u00d5ES-AFIRMATIVAS.pdf\" target=\"_blank\" rel=\"noopener noreferrer\">RELA\u00c7\u00c3O DOS INSCRITOS NAS A\u00c7\u00d5ES AFIRMATIVAS\u00a0<\/a><\/p>\n<p><a href=\"https:\/\/ppgecpan.ufms.br\/files\/2019\/03\/RESULTADO-FINAL-INSCRI\u00c7\u00d5ES-A\u00c7\u00d5ES-AFIRMATIVAS.pdf\" target=\"_blank\" rel=\"noopener noreferrer\">RESULTADO FINAL INSCRI\u00c7\u00d5ES DEFERIDAS &#8211; A\u00c7\u00d5ES AFIRMATIVAS<\/a><\/p>\n<p><a href=\"https:\/\/ppgecpan.ufms.br\/files\/2019\/03\/LISTA-DE-INSCRI\u00c7\u00d5ES-DEFERIDAS-E-INDEFERIDAS-Ampla-Concorr\u00eancia.pdf\" target=\"_blank\" rel=\"noopener noreferrer\">LISTA DE INSCRI\u00c7\u00d5ES DEFERIDAS E INDEFERIDAS &#8211; Ampla Concorr\u00eancia<\/a><\/p>\n<p><a href=\"https:\/\/ppgecpan.ufms.br\/files\/2019\/03\/EDITAL__Mestrado_em_Educacao_CPAN___retificacao__n_5.pdf\" target=\"_blank\" rel=\"noopener noreferrer\">EDITAL 05, ALTERA DATA DE APLICA\u00c7\u00c3O DA PROVA ESCRITA<\/a><\/p>\n<p><a href=\"https:\/\/ppgecpan.ufms.br\/files\/2019\/03\/RESULTADO-RECURSO-Ampla-Concorr\u00eancia.pdf\" target=\"_blank\" rel=\"noopener noreferrer\">RESULTADO DOS RECURSOS<\/a>\u00a0ampla concorr\u00eancia<\/p>\n<p><a href=\"https:\/\/ppgecpan.ufms.br\/files\/2019\/03\/RESULTADO-FINAL-INSCRITOS.pdf\" target=\"_blank\" rel=\"noopener noreferrer\">RESULTADO DEFINITIVO INSCRITOS<\/a>\u00a0geral<\/p>\n<p><a href=\"https:\/\/ppgecpan.ufms.br\/files\/2019\/03\/LISTA-APROVADOS_PROVA-ESCRITA.pdf\" target=\"_blank\" rel=\"noopener noreferrer\">RESULTADO DA PROVA ESCRITA &#8211; APROVADOS<\/a><\/p>\n<p><a href=\"https:\/\/ppgecpan.ufms.br\/files\/2019\/05\/RESULTADO-DOS-PEDIDOS-DE-RECURSOS-PROVA-ESCRITA.pdf\" target=\"_blank\" rel=\"noopener noreferrer\">RESULTADO DOS PEDIDOS DE RECURSOS &#8211; PROVA ESCRITA<\/a><\/p>\n<p><a href=\"https:\/\/ppgecpan.ufms.br\/files\/2019\/03\/LISTA-APROVADOS-AN\u00c1LISE-DOS-PROJETOS.pdf\" target=\"_blank\" rel=\"noopener noreferrer\">LISTA APROVADOS &#8211; AN\u00c1LISE DOS PROJETOS<\/a><\/p>\n<p><a href=\"https:\/\/ppgecpan.ufms.br\/files\/2019\/06\/RESULTADO-DOS-PEDIDOS-DE-RECURSOS-PROJETO_Sele\u00e7\u00e3o-2019_2.pdf\" target=\"_blank\" rel=\"noopener noreferrer\">RESULTADO DOS PEDIDOS DE RECURSOS &#8211; PROJETO<\/a><\/p>\n<p><a href=\"https:\/\/ppgecpan.ufms.br\/files\/2019\/06\/CRONOGRAMA-DA-DEFESA-ORAL_sele\u00e7\u00e3o-2019_2.pdf\" target=\"_blank\" rel=\"noopener noreferrer\">CRONOGRAMA DA DEFESA ORAL<\/a><\/p>\n<p><a href=\"https:\/\/ppgecpan.ufms.br\/files\/2019\/03\/LISTA-APROVADOS-NA-DEFESA-ORAL.pdf\" target=\"_blank\" rel=\"noopener noreferrer\">LISTA DE APROVADOS NA DEFESA ORAL<\/a><\/p>\n<p><a href=\"https:\/\/ppgecpan.ufms.br\/files\/2019\/03\/RESULTADO-AN\u00c1LISE-CURRICULUM-E-CLASSIFICA\u00c7\u00c3O-FINAL_Retificado.pdf\" target=\"_blank\" rel=\"noopener noreferrer\">RESULTADO AN\u00c1LISE DO CURR\u00cdCULO E CLASSIFICA\u00c7\u00c3O FINAL<\/a><\/p>\n<p><a href=\"https:\/\/ppgecpan.ufms.br\/files\/2019\/03\/RESULTADO-PEDIDO-RECURSO-DEFESA-ORAL.pdf\" target=\"_blank\" rel=\"noopener noreferrer\">RESULTADO DOS PEDIDOS DE RECURSO &#8211; DEFESA ORAL<\/a><\/p>\n<p><a href=\"https:\/\/ppgecpan.ufms.br\/files\/2019\/03\/RESOLUCAO-PPGE_CPAN-n-29-de-04-07-2019.pdf\" target=\"_blank\" rel=\"noopener noreferrer\">RESOLUCAO (PPGE_CPAN) n 29,<\/a>\u00a0HOMOLOGA\u00c7\u00c3O<\/p>\n<\/div>\n\t\t\t\t<\/div>\n\t\t\t<\/div><br class=\"nc\" \/><\/div>\n<div class=\"panel-group\" id=\"custom-collapse-1\">\n<div class=\"panel panel-default\">\n\t\t\t\t<div class=\"panel-heading\">\n\t\t\t\t\t<h4 class=\"panel-title\">\n\t\t\t\t\t\t<a class=\"collapsed\" data-toggle=\"collapse\" data-parent=\"#custom-collapse-1\" href=\"#custom-collapse-1-1\">Processo Seletivo - Aluno especial 2019.2<\/a>\n\t\t\t\t\t<\/h4>\n\t\t\t\t<\/div>\n\t\t\t\t<div id=\"custom-collapse-1-1\" class=\"panel-collapse collapse\">\n\t\t\t\t\t<div class=\"panel-body\">\n<p><a href=\"https:\/\/ppgecpan.ufms.br\/files\/2019\/07\/EDITAL-ALUNO-ESPECIAL-2019.2.pdf\" target=\"_blank\" rel=\"noopener noreferrer\">Edital Aluno Especial 2019.2<\/a><\/p>\n<p><a href=\"https:\/\/ppgecpan.ufms.br\/files\/2019\/03\/Resultado-aluno-especial-2019.2.pdf\" target=\"_blank\" rel=\"noopener noreferrer\">Resultado (Candidatos aceitos)<\/a><br class=\"nc\" \/><\/div>\n\t\t\t\t<\/div>\n\t\t\t<\/div><br class=\"nc\" \/><\/div>\n<div class=\"panel-group\" id=\"custom-collapse-2\"><br class=\"nc\" \/><div class=\"panel panel-default\">\n\t\t\t\t<div class=\"panel-heading\">\n\t\t\t\t\t<h4 class=\"panel-title\">\n\t\t\t\t\t\t<a class=\"collapsed\" data-toggle=\"collapse\" data-parent=\"#custom-collapse-2\" href=\"#custom-collapse-2-2\">Processo Seletivo - Estrangeiros 2019<\/a>\n\t\t\t\t\t<\/h4>\n\t\t\t\t<\/div>\n\t\t\t\t<div id=\"custom-collapse-2-2\" class=\"panel-collapse collapse\">\n\t\t\t\t\t<div class=\"panel-body\"><br class=\"nc\" \/><a href=\"https:\/\/ppgecpan.ufms.br\/files\/2019\/07\/Edital-aluno-estrang-2019.pdf\" target=\"_blank\" rel=\"noopener noreferrer\">Edital Alunos Estrangeiros 2019<\/a><\/p>\n<p><a href=\"https:\/\/ppgecpan.ufms.br\/files\/2019\/10\/Inscri\u00e7\u00f5es-deferidas-e-aprova\u00e7\u00e3o-etapas.pdf\" target=\"_blank\" rel=\"noopener noreferrer\">Inscri\u00e7\u00e3o deferida e aprova\u00e7\u00e3o nas etapas<\/a><br class=\"nc\" \/><\/div>\n\t\t\t\t<\/div>\n\t\t\t<\/div><br class=\"nc\" \/><\/div>\n","protected":false},"excerpt":{"rendered":"","protected":false},"author":28260,"featured_media":0,"parent":0,"menu_order":0,"comment_status":"closed","ping_status":"closed","template":"","meta":{"footnotes":""},"coauthors":[],"class_list":["post-3808","page","type-page","status-publish","hentry"],"_links":{"self":[{"href":"https:\/\/ppgecpan.ufms.br\/en\/wp-json\/wp\/v2\/pages\/3808","targetHints":{"allow":["GET"]}}],"collection":[{"href":"https:\/\/ppgecpan.ufms.br\/en\/wp-json\/wp\/v2\/pages"}],"about":[{"href":"https:\/\/ppgecpan.ufms.br\/en\/wp-json\/wp\/v2\/types\/page"}],"author":[{"embeddable":true,"href":"https:\/\/ppgecpan.ufms.br\/en\/wp-json\/wp\/v2\/users\/28260"}],"replies":[{"embeddable":true,"href":"https:\/\/ppgecpan.ufms.br\/en\/wp-json\/wp\/v2\/comments?post=3808"}],"version-history":[{"count":43,"href":"https:\/\/ppgecpan.ufms.br\/en\/wp-json\/wp\/v2\/pages\/3808\/revisions"}],"predecessor-version":[{"id":5530,"href":"https:\/\/ppgecpan.ufms.br\/en\/wp-json\/wp\/v2\/pages\/3808\/revisions\/5530"}],"wp:attachment":[{"href":"https:\/\/ppgecpan.ufms.br\/en\/wp-json\/wp\/v2\/media?parent=3808"}],"wp:term":[{"taxonomy":"author","embeddable":true,"href":"https:\/\/ppgecpan.ufms.br\/en\/wp-json\/wp\/v2\/coauthors?post=3808"}],"curies":[{"name":"wp","href":"https:\/\/api.w.org\/{rel}","templated":true}]}}