{"id":4057,"date":"2019-07-08T16:06:25","date_gmt":"2019-07-08T20:06:25","guid":{"rendered":"https:\/\/ppgecpan.ufms.br\/?page_id=4057"},"modified":"2026-03-29T01:34:37","modified_gmt":"2026-03-29T05:34:37","slug":"turmas-de-ingresso","status":"publish","type":"page","link":"https:\/\/ppgecpan.ufms.br\/es\/turmas-de-ingresso\/","title":{"rendered":"Turmas de Ingresso"},"content":{"rendered":"<div class=\"panel-group\" id=\"custom-collapse-9\"><br class=\"nc\" \/><div class=\"panel panel-default\">\n\t\t\t\t<div class=\"panel-heading\">\n\t\t\t\t\t<h4 class=\"panel-title\">\n\t\t\t\t\t\t<a class=\"collapsed\" data-toggle=\"collapse\" data-parent=\"#custom-collapse-9\" href=\"#custom-collapse-9-9\">Turma 2021<\/a>\n\t\t\t\t\t<\/h4>\n\t\t\t\t<\/div>\n\t\t\t\t<div id=\"custom-collapse-9-9\" class=\"panel-collapse collapse\">\n\t\t\t\t\t<div class=\"panel-body\">\n<table style=\"height: 789px;width: 756px\" width=\"712\">\n<tbody>\n<tr style=\"height: 10px\">\n<td style=\"width: 309px;height: 10px\">\n<h3><strong>Nome\u00a0<\/strong><\/h3>\n<\/td>\n<td style=\"width: 431px;height: 10px\">\n<h3><strong>Orientador\/a<\/strong><\/h3>\n<\/td>\n<\/tr>\n<tr style=\"height: 10px\">\n<td style=\"width: 309px;height: 10px\">Alex Stefani dos Santos<\/td>\n<td style=\"width: 431px;height: 10px\">Prof\u00aa. Dr\u00aa. Beatriz Rosalia Gomes Xavier Flandoli<\/td>\n<\/tr>\n<tr style=\"height: 10px\">\n<td style=\"width: 309px;height: 1px\">Caroline Carvalho da Costa Lima Landim<\/td>\n<td style=\"width: 431px;height: 1px\">Prof\u00aa. Dr\u00aa. Andressa Santos Rebelo<\/td>\n<\/tr>\n<tr style=\"height: 10px\">\n<td style=\"width: 309px;height: 1px\">Daniella Moreira Lima<\/td>\n<td style=\"width: 431px;height: 1px\">Prof\u00aa. Dr\u00aa. Vanessa Catherina Neumann Figueiredo<\/td>\n<\/tr>\n<tr style=\"height: 10px\">\n<td style=\"width: 309px;height: 1px\">D\u00edlson Vilalva Esquer<\/td>\n<td style=\"width: 431px;height: 1px\">Prof\u00aa. Dr\u00aa. M\u00e1rcia Regina do Nascimento Sambugari<\/td>\n<\/tr>\n<tr style=\"height: 10px\">\n<td style=\"width: 309px;height: 23px\">Cristiane Maria de Jesus Garcia<\/td>\n<td style=\"width: 431px;height: 23px\">Prof. Dr. Tiago Duque<\/td>\n<\/tr>\n<tr style=\"height: 10px\">\n<td style=\"width: 309px;height: 1px\">Gabrielle de Moura Pacifico<\/td>\n<td style=\"width: 431px;height: 1px\">Prof\u00aa. Dr\u00aa. Cl\u00e1udia Ara\u00fajo de Lima<\/td>\n<\/tr>\n<tr style=\"height: 10px\">\n<td style=\"width: 309px;height: 10px\">Giulia Pagani Galv\u00e3o<\/td>\n<td style=\"width: 431px;height: 10px\">Prof. Dr. Fabiano Antonio dos Santos<\/td>\n<\/tr>\n<tr style=\"height: 10px\">\n<td style=\"width: 309px;height: 1px\">Kariny Araujo Delgado Trovo<\/td>\n<td style=\"width: 431px;height: 1px\">Prof\u00aa. Dr\u00aa. M\u00f4nica de Carvalho Magalh\u00e3es Kassar<\/td>\n<\/tr>\n<tr style=\"height: 10px\">\n<td style=\"width: 309px;height: 1px\">Lara Cassiano Pedreira Lopo<\/td>\n<td style=\"width: 431px;height: 1px\">Prof\u00aa. Dr\u00aa. Amanda de Mattos Pereiro Mano<\/td>\n<\/tr>\n<tr style=\"height: 10px\">\n<td style=\"width: 309px;height: 1px\">Otavio Henrique Rodrigues dos Santos<\/td>\n<td style=\"width: 431px;height: 1px\">Prof. Dr. Tiago Duque<\/td>\n<\/tr>\n<tr style=\"height: 10px\">\n<td style=\"width: 309px;height: 1px\">Qu\u00e9zia Eloise Fran\u00e7a da Silva<\/td>\n<td style=\"width: 431px;height: 1px\">Prof\u00aa. Dr\u00aa. Vanessa Catherina Neumann Figueiredo<\/td>\n<\/tr>\n<tr style=\"height: 10px\">\n<td style=\"width: 309px;height: 28px\">Sandro Moura Santos<\/td>\n<td style=\"width: 431px;height: 28px\">Prof\u00aa. Dr\u00aa. M\u00e1rcia Regina do Nascimento Sambugari<\/td>\n<\/tr>\n<tr style=\"height: 10px\">\n<td style=\"width: 309px;height: 10px\">S\u00e9rgio Guilherme Iba\u00f1ez<\/td>\n<td style=\"width: 431px;height: 10px\">Prof. Dr. Deyvid Tenner de Souza Rizzo<\/td>\n<\/tr>\n<tr style=\"height: 10px\">\n<td style=\"width: 309px;height: 1px\">Silmara Cristina Nery de Freitas<\/td>\n<td style=\"width: 431px;height: 1px\">Prof\u00aa. Dr\u00aa. Erika Natacha Fernandes de Andrade<\/td>\n<\/tr>\n<tr style=\"height: 10px\">\n<td style=\"width: 309px;height: 10px\">Teresa Cabral Barbosa<\/td>\n<td style=\"width: 431px;height: 10px\">Prof. Dr. Jorge Luis Mazzeo Mariano<\/td>\n<\/tr>\n<\/tbody>\n<\/table>\n<p><br class=\"nc\" \/><\/div>\n\t\t\t\t<\/div>\n\t\t\t<\/div><br class=\"nc\" \/><\/div>\n<div class=\"panel-group\" id=\"custom-collapse-10\"><br class=\"nc\" \/><div class=\"panel panel-default\">\n\t\t\t\t<div class=\"panel-heading\">\n\t\t\t\t\t<h4 class=\"panel-title\">\n\t\t\t\t\t\t<a class=\"collapsed\" data-toggle=\"collapse\" data-parent=\"#custom-collapse-10\" href=\"#custom-collapse-10-10\">Turma 2020<\/a>\n\t\t\t\t\t<\/h4>\n\t\t\t\t<\/div>\n\t\t\t\t<div id=\"custom-collapse-10-10\" class=\"panel-collapse collapse\">\n\t\t\t\t\t<div class=\"panel-body\">\n<table style=\"height: 600px;width: 732px\" width=\"732\">\n<tbody>\n<tr style=\"height: 41px\">\n<td style=\"width: 339px;height: 10px\">\n<h3><strong>Nome<\/strong><\/h3>\n<\/td>\n<td style=\"width: 377px;height: 10px\">\n<h3><strong>Orientador(a)<\/strong><\/h3>\n<\/td>\n<\/tr>\n<tr style=\"height: 10px\">\n<td style=\"width: 339px;height: 10px\">Aline Cristine Androlage Mercado<\/td>\n<td style=\"width: 377px;height: 10px\">Prof\u00aa Dr\u00aa M\u00e1rcia Regina do Nascimento Sambugari<\/td>\n<\/tr>\n<tr style=\"height: 10px\">\n<td style=\"width: 339px;height: 12px\">Ana Gabrielle Alves de Almeida<\/td>\n<td style=\"width: 377px;height: 12px\">Prof\u00aa Dr\u00aa Amanda de Mattos Pereira Mano<\/td>\n<\/tr>\n<tr style=\"height: 10px\">\n<td style=\"width: 339px;height: 10px\">Ananda de Souza Mendes<\/td>\n<td style=\"width: 377px;height: 10px\">Prof\u00aa Dr\u00aa Isabella Fernanda Ferreira<\/td>\n<\/tr>\n<tr style=\"height: 10px\">\n<td style=\"width: 339px;height: 20px\">Andreza Sum\u00e1ra Gomes dos Santos<\/td>\n<td style=\"width: 377px;height: 20px\">Prof. Dr. Deyvid Tenner de Souza Rizzo<\/td>\n<\/tr>\n<tr style=\"height: 10px\">\n<td style=\"width: 339px;height: 24px\">Camila de Arruda Rocha<\/td>\n<td style=\"width: 377px;height: 24px\">Prof\u00aa Dr\u00aa S\u00edlvia Adriana Rodrigues<\/td>\n<\/tr>\n<tr style=\"height: 10px\">\n<td style=\"width: 339px;height: 21px\">Gilmar de Lima Galv\u00e3o<\/td>\n<td style=\"width: 377px;height: 21px\">Prof\u00aa Dr\u00aa B\u00e1rbara Amaral Martins<\/td>\n<\/tr>\n<tr style=\"height: 10px\">\n<td style=\"width: 339px;height: 11px\">Iris Costa Soares<\/td>\n<td style=\"width: 377px;height: 11px\">Prof. Dr. Deyvid Tenner de Souza Rizzo<\/td>\n<\/tr>\n<tr style=\"height: 10px\">\n<td style=\"width: 339px;height: 11px\">Jana\u00edna Martins de Carvalho<\/td>\n<td style=\"width: 377px;height: 11px\">Prof\u00aa Dr\u00aa Cl\u00e1udia Ara\u00fajo de Lima<\/td>\n<\/tr>\n<tr style=\"height: 10px\">\n<td style=\"width: 339px;height: 20px\">Jucilene Azevedo Fonteles<\/td>\n<td style=\"width: 377px;height: 20px\">Prof. Dr. Fabiano Quadros Ruckert<\/td>\n<\/tr>\n<tr style=\"height: 10px\">\n<td style=\"width: 339px;height: 24px\">Larissa Angelini de Andrade Gianvecchio<\/td>\n<td style=\"width: 377px;height: 24px\">Prof\u00aa Dr\u00aa Josiane Peres Gon\u00e7alves<\/td>\n<\/tr>\n<tr style=\"height: 10px\">\n<td style=\"width: 339px;height: 28px\">Marina Maria Pereira de Carvalho<\/td>\n<td style=\"width: 377px;height: 28px\">Prof\u00aa Dr\u00aa Erika Natacha Fernandes de Andrade<\/td>\n<\/tr>\n<tr style=\"height: 10px\">\n<td style=\"width: 339px;height: 25px\">Rener de Melo Helena<\/td>\n<td style=\"width: 377px;height: 25px\">Prof. Dr. Tiago Duque<\/td>\n<\/tr>\n<tr style=\"height: 10px\">\n<td style=\"width: 339px;height: 27px\">Rosemeiry Assun\u00e7\u00e3o Alves Zozias de Lima<\/td>\n<td style=\"width: 377px;height: 27px\">Prof. Dr. Jorge Luis Mazzeo Mariano<\/td>\n<\/tr>\n<tr style=\"height: 10px\">\n<td style=\"width: 339px;height: 22px\">Rosiane Ruth de Almeida Albuquerque<\/td>\n<td style=\"width: 377px;height: 22px\">Prof\u00aa Dr\u00aa M\u00f4nica de Carvalho Magalh\u00e3es Kassar<\/td>\n<\/tr>\n<tr style=\"height: 10px\">\n<td style=\"width: 339px;height: 17px\">Suellen Maria Monteiro Rosa Marcos<\/td>\n<td style=\"width: 377px;height: 17px\">Prof. Dr. Fabiano Quadros Ruckert<\/td>\n<\/tr>\n<tr style=\"height: 10px\">\n<td style=\"width: 339px;height: 10px\">Zenaide Val\u00e9ria Leite Olarte<\/td>\n<td style=\"width: 377px;height: 10px\">Prof\u00aa Dr\u00aa Vanessa Catherina Neumann de Figueiredo<\/td>\n<\/tr>\n<\/tbody>\n<\/table>\n<\/div>\n\t\t\t\t<\/div>\n\t\t\t<\/div><br class=\"nc\" \/><\/div>\n<div class=\"panel-group\" id=\"custom-collapse-11\"><br class=\"nc\" \/><div class=\"panel panel-default\">\n\t\t\t\t<div class=\"panel-heading\">\n\t\t\t\t\t<h4 class=\"panel-title\">\n\t\t\t\t\t\t<a class=\"collapsed\" data-toggle=\"collapse\" data-parent=\"#custom-collapse-11\" href=\"#custom-collapse-11-11\">Turma 2019<\/a>\n\t\t\t\t\t<\/h4>\n\t\t\t\t<\/div>\n\t\t\t\t<div id=\"custom-collapse-11-11\" class=\"panel-collapse collapse\">\n\t\t\t\t\t<div class=\"panel-body\">\n<table style=\"height: 648px;width: 735px\" width=\"735\">\n<tbody>\n<tr>\n<td width=\"254\">\n<h3><strong>\u00a0Nome\u00a0\u00a0\u00a0\u00a0\u00a0\u00a0<\/strong><\/h3>\n<\/td>\n<td width=\"330\">\n<h3><strong>Orientador(a)<\/strong><\/h3>\n<\/td>\n<\/tr>\n<tr>\n<td width=\"254\">Ahmad Schabib Hany<\/td>\n<td width=\"330\">Prof. Dr. Jorge Luis Mazzeo Mariano<\/td>\n<\/tr>\n<tr>\n<td width=\"254\">Ana Cristina Auzier de Sousa<\/td>\n<td width=\"330\">Prof\u00aa. Dr\u00aa. M\u00e1rcia Regina do Nascimento Sambugari<\/td>\n<\/tr>\n<tr>\n<td width=\"254\">Carlos Roberto de Oliveira Lima<\/td>\n<td width=\"330\">Prof. Dr. Fabiano Quadros Ruckert<\/td>\n<\/tr>\n<tr>\n<td width=\"254\">Eliane Ceri Assis Santana<\/td>\n<td width=\"330\">Prof\u00aa Dr\u00aa S\u00edlvia Adriana Rodrigues<\/td>\n<\/tr>\n<tr>\n<td width=\"254\">Eliane Damasceno da Silva<\/td>\n<td width=\"330\">Prof\u00aa. Dr\u00aa. M\u00e1rcia Regina do Nascimento Sambugari<\/td>\n<\/tr>\n<tr>\n<td width=\"254\">F\u00e1bio Pal\u00e1cio Batista<\/td>\n<td width=\"330\">Prof\u00aa. Dr\u00aa. B\u00e1rbara Amaral Martins<\/td>\n<\/tr>\n<tr>\n<td width=\"254\">Francy Laura de Moraes<\/td>\n<td width=\"330\">Prof. Dr. Fabiano Antonio dos Santos<\/td>\n<\/tr>\n<tr>\n<td width=\"254\">Marcia Cristiane Venturini Hilbig<\/td>\n<td width=\"330\">Prof\u00aa. Dr\u00aa. Andressa Santos Rebelo<\/td>\n<\/tr>\n<tr>\n<td width=\"254\">Maria Aparecida Dias de Moura<\/td>\n<td width=\"330\">Prof. Dr. Fabiano Antonio dos Santos<\/td>\n<\/tr>\n<tr>\n<td width=\"254\">Mariana Patr\u00edcia Soares de Oliveira<\/td>\n<td width=\"330\">Prof\u00aa. Dr\u00aa. B\u00e1rbara Amaral Martins<\/td>\n<\/tr>\n<tr>\n<td width=\"254\">Monica Mendes da Cunha<\/td>\n<td width=\"330\">Prof.\u00aa Dr\u00aa. M\u00f4nica de Carvalho Magalh\u00e3es Kassar<\/td>\n<\/tr>\n<tr>\n<td width=\"254\">Nati\u00e9lyRamyla de Almeida Ferreira Nobre<\/td>\n<td width=\"330\">Prof\u00aa. Dr\u00aa. M\u00e1rcia Regina do Nascimento Sambugari<\/td>\n<\/tr>\n<tr>\n<td width=\"254\">Suzy Helen Santos de Paiva<\/td>\n<td width=\"330\">Prof. Dr. Fabiano Quadros Ruckert<\/td>\n<\/tr>\n<tr>\n<td width=\"254\">Tatiana da Silva Ramos Batista<\/td>\n<td width=\"330\">Prof\u00aa. Dr\u00aa. Erika Natacha Fernandes de Andrade<\/td>\n<\/tr>\n<tr>\n<td width=\"254\">Tatiane Zabala Gomes<\/td>\n<td width=\"330\">Prof\u00aa. Dr\u00aa. M\u00e1rcia Regina do Nascimento Sambugari<\/td>\n<\/tr>\n<tr>\n<td width=\"254\">Yasmin Oliveira Cabral<\/td>\n<td width=\"330\">Prof\u00aa. Dr\u00aa. Erika Natacha Fernandes de Andrade<\/td>\n<\/tr>\n<\/tbody>\n<\/table>\n<\/div>\n\t\t\t\t<\/div>\n\t\t\t<\/div><br class=\"nc\" \/><\/div>\n<div class=\"panel-group\" id=\"custom-collapse-12\">\n<div class=\"panel panel-default\">\n\t\t\t\t<div class=\"panel-heading\">\n\t\t\t\t\t<h4 class=\"panel-title\">\n\t\t\t\t\t\t<a class=\"collapsed\" data-toggle=\"collapse\" data-parent=\"#custom-collapse-12\" href=\"#custom-collapse-12-12\">Turma 2018<\/a>\n\t\t\t\t\t<\/h4>\n\t\t\t\t<\/div>\n\t\t\t\t<div id=\"custom-collapse-12-12\" class=\"panel-collapse collapse\">\n\t\t\t\t\t<div class=\"panel-body\"><strong><br class=\"nc\" \/><\/strong><\/p>\n<table style=\"height: 648px;width: 735px\" width=\"735\">\n<tbody>\n<tr>\n<td width=\"274\">\n<h3><strong>\u00a0\u00a0\u00a0\u00a0\u00a0\u00a0\u00a0\u00a0\u00a0\u00a0\u00a0\u00a0\u00a0\u00a0\u00a0\u00a0\u00a0\u00a0\u00a0\u00a0\u00a0\u00a0\u00a0\u00a0 Nome\u00a0\u00a0\u00a0\u00a0\u00a0\u00a0<\/strong><\/h3>\n<\/td>\n<td width=\"307\">\n<h3><strong>Orientador(a)<\/strong><\/h3>\n<\/td>\n<\/tr>\n<tr>\n<td width=\"274\">Ailine Moreira Lehnhart de Vasconcellos<\/td>\n<td width=\"307\">Prof\u00aa Dr\u00aa Vanessa Catherina N.Figueiredo<\/td>\n<\/tr>\n<tr>\n<td width=\"274\">Alice Kauani Bastos da Cruz<\/td>\n<td width=\"307\">Prof. Dr. Fabiano Antonio dos Santos<\/td>\n<\/tr>\n<tr>\n<td width=\"274\">Ana Paula Escossia Barbosa de Souza Pereira<\/td>\n<td width=\"307\">Prof\u00aa Dr\u00aa Andressa Santos Rebelo<\/td>\n<\/tr>\n<tr>\n<td width=\"274\">C\u00e2ndida Wilma Fonseca R. L. dos Santos<\/td>\n<td width=\"307\">Prof\u00aa Dr\u00aa Vanessa Catherina N. Figueiredo<\/td>\n<\/tr>\n<tr>\n<td width=\"274\">Charyze de Holanda Vieira Melo<\/td>\n<td width=\"307\">Prof\u00aa Dr\u00aa M\u00f4nica de C. Magalh\u00e3es Kassar<\/td>\n<\/tr>\n<tr>\n<td width=\"274\">D\u00e9bora Sodr\u00e9 Gon\u00e7alves Carneiro<\/td>\n<td width=\"307\">Prof\u00aa Dr\u00aa Cl\u00e1udia Ara\u00fajo de Lima<\/td>\n<\/tr>\n<tr>\n<td width=\"274\">Evelyn da Silva Campos<\/td>\n<td width=\"307\">Prof\u00aa Dr\u00aa Beatriz Rosalia G. X. Flandoli<\/td>\n<\/tr>\n<tr>\n<td width=\"274\">Fabiane da Silva Ferreira<\/td>\n<td width=\"307\">Prof\u00aa Dr\u00aa Andressa Santos Rebelo<\/td>\n<\/tr>\n<tr>\n<td width=\"274\">Jeanny Monteiro Urquiza<\/td>\n<td width=\"307\">Prof\u00aa Dr\u00aa B\u00e1rbara Amaral Martins<\/td>\n<\/tr>\n<tr>\n<td width=\"274\">Luciana dos Santos Silva Oliveira<\/td>\n<td width=\"307\">Prof\u00aa Dr\u00aa S\u00edlvia Adriana Rodrigues<\/td>\n<\/tr>\n<tr>\n<td width=\"274\">Marcia Cristina Gon\u00e7alves de Souza<\/td>\n<td width=\"307\">Prof\u00aa Dr\u00aa M\u00e1rcia Regina do N. Sambugari<\/td>\n<\/tr>\n<tr>\n<td width=\"274\">Maria Franciane Bezerra de Oliveira<\/td>\n<td width=\"307\">Prof\u00aa Dr\u00aa\u00a0Erika Natacha F. de Andrade<\/td>\n<\/tr>\n<tr>\n<td width=\"274\">Mayara da Silva Porf\u00edrio<\/td>\n<td width=\"307\">Prof\u00aa Dr\u00aa M\u00f4nica de C. M. Kassar<\/td>\n<\/tr>\n<tr>\n<td width=\"274\">Nathalia Claro Moreira<\/td>\n<td width=\"307\">Prof. Dr. Fabiano Quadros Ruckert<\/td>\n<\/tr>\n<tr>\n<td width=\"274\">Nereide Aparecida Pagani Galv\u00e3o<\/td>\n<td width=\"307\">Prof\u00aa Dr\u00aa Josiane Peres Gon\u00e7alves<\/td>\n<\/tr>\n<tr>\n<td width=\"274\">Nicole Claro Moreira<\/td>\n<td width=\"307\">Prof. Dr. Fabiano Antonio dos Santos<\/td>\n<\/tr>\n<tr>\n<td width=\"274\">Sandra Regina Rocha de Lima<\/td>\n<td width=\"307\">Prof\u00aa Dr\u00aa Josiane Peres Gon\u00e7alves<\/td>\n<\/tr>\n<tr>\n<td width=\"274\">Sim\u00e9ia Mar\u00e7al de Souza Freitas<\/td>\n<td width=\"307\">Prof\u00aa Dr\u00aa S\u00edlvia Adriana Rodrigues<\/td>\n<\/tr>\n<tr>\n<td width=\"274\">Vict\u00f3ria Nobica Marques<\/td>\n<td width=\"307\">Prof\u00aa Dr\u00aa Constantina Xavier Filha<\/td>\n<\/tr>\n<tr>\n<td width=\"274\">Yasmin Serra Lino<\/td>\n<td width=\"307\">Prof\u00aa Dr\u00aa Constantina Xavier Filha<\/td>\n<\/tr>\n<\/tbody>\n<\/table>\n<\/div>\n\t\t\t\t<\/div>\n\t\t\t<\/div><br class=\"nc\" \/><\/div>\n<div class=\"panel-group\" id=\"custom-collapse-13\"><br class=\"nc\" \/><div class=\"panel panel-default\">\n\t\t\t\t<div class=\"panel-heading\">\n\t\t\t\t\t<h4 class=\"panel-title\">\n\t\t\t\t\t\t<a class=\"collapsed\" data-toggle=\"collapse\" data-parent=\"#custom-collapse-13\" href=\"#custom-collapse-13-13\">Turma 2017<\/a>\n\t\t\t\t\t<\/h4>\n\t\t\t\t<\/div>\n\t\t\t\t<div id=\"custom-collapse-13-13\" class=\"panel-collapse collapse\">\n\t\t\t\t\t<div class=\"panel-body\">\n<table style=\"height: 648px;width: 735px\" width=\"735\">\n<tbody>\n<tr style=\"height: 36px\">\n<td style=\"height: 36px\" width=\"302\">\n<h3><strong>Nome<\/strong><\/h3>\n<\/td>\n<td style=\"height: 36px\" width=\"292\">\n<h3><strong>Orientador (a)<\/strong><\/h3>\n<\/td>\n<\/tr>\n<tr style=\"height: 36px\">\n<td style=\"height: 36px\" width=\"302\">Andr\u00e9 Freire Mastrorocco<\/td>\n<td style=\"height: 36px\" width=\"292\">Prof\u00aa Dr\u00aa Isabella Fernanda Ferreira<\/td>\n<\/tr>\n<tr style=\"height: 36px\">\n<td style=\"height: 36px\" width=\"302\">Dalete de Souza Salles Borges<\/td>\n<td style=\"height: 36px\" width=\"292\">Prof\u00aa Dr\u00aa M\u00e1rcia Regina do N. Sambugari<\/td>\n<\/tr>\n<tr style=\"height: 36px\">\n<td style=\"height: 36px\" width=\"302\">Estefania Manholer<\/td>\n<td style=\"height: 36px\" width=\"292\">Prof\u00aa Dr\u00aa Silvia Adriana Rodrigues<\/td>\n<\/tr>\n<tr style=\"height: 36px\">\n<td style=\"height: 36px\" width=\"302\">Fab\u00edola da Silva Ferreira<\/td>\n<td style=\"height: 36px\" width=\"292\">Prof\u00ba Dr\u00ba Fabiano Antonio dos Santos<\/td>\n<\/tr>\n<tr style=\"height: 36px\">\n<td style=\"height: 36px\" width=\"302\">Fernanda de Figueiredo Costa Leiras<\/td>\n<td style=\"height: 36px\" width=\"292\">Prof\u00aa Dr\u00aa Josiane Peres Gon\u00e7alves<\/td>\n<\/tr>\n<tr style=\"height: 36px\">\n<td style=\"height: 36px\" width=\"302\">Flavia Miguel Ribeiro<\/td>\n<td style=\"height: 36px\" width=\"292\">Prof\u00aa Dr\u00aa Marcia Regina do N. Sambugari<\/td>\n<\/tr>\n<tr style=\"height: 36px\">\n<td style=\"height: 36px\" width=\"302\">Jackeline Cristina Nogueira Guerrero<\/td>\n<td style=\"height: 36px\" width=\"292\">Prof\u00aa Dr\u00aa Regina Aparecida M. de Souza<\/td>\n<\/tr>\n<tr style=\"height: 36px\">\n<td style=\"height: 36px\" width=\"302\">Jessica Pereira Casali<\/td>\n<td style=\"height: 36px\" width=\"292\">Prof\u00aa Dr\u00aa Constantina Xavier Filha<\/td>\n<\/tr>\n<tr style=\"height: 36px\">\n<td style=\"height: 36px\" width=\"302\">Micheline Medeiros dos Santos Sant\u2019Anna<\/td>\n<td style=\"height: 36px\" width=\"292\">Prof\u00aa Dr\u00aa Beatriz Ros\u00e1lia Xavier Flandoli<\/td>\n<\/tr>\n<tr style=\"height: 36px\">\n<td style=\"height: 36px\" width=\"302\">Paula Katrina Silva e Silva<\/td>\n<td style=\"height: 36px\" width=\"292\">Prof\u00aa Dr\u00aa Vanessa Catherina N. Figueiredo<\/td>\n<\/tr>\n<tr style=\"height: 37px\">\n<td style=\"height: 37px\" width=\"302\">Rennan Andrade dos Santos<\/td>\n<td style=\"height: 37px\" width=\"292\">Prof\u00ba Dr\u00ba Fabiano Antonio dos Santos<\/td>\n<\/tr>\n<tr style=\"height: 37px\">\n<td style=\"height: 37px\" width=\"302\">Rosa Alessandra Rodrigues Corr\u00eaa<\/td>\n<td style=\"height: 37px\" width=\"292\">Prof\u00aa Dr\u00aa Andressa Santos Rebelo<\/td>\n<\/tr>\n<tr style=\"height: 37px\">\n<td style=\"height: 37px\" width=\"302\">Tha\u00eds Aquino Sigarini Botelho<\/td>\n<td style=\"height: 37px\" width=\"292\">Prof\u00aa Dr\u00aa Nesdete Mesquita Corr\u00eaa<\/td>\n<\/tr>\n<tr style=\"height: 37px\">\n<td style=\"height: 37px\" width=\"302\">Tiago Trist\u00e3o Artero<\/td>\n<td style=\"height: 37px\" width=\"292\">Prof\u00aa Dr\u00aa Cl\u00e1udia Ara\u00fajo de Lima<\/td>\n<\/tr>\n<tr style=\"height: 37px\">\n<td style=\"height: 37px\" width=\"302\">Val\u00e9ria Aparecida B. de Oliveira Cabral<\/td>\n<td style=\"height: 37px\" width=\"292\">Prof\u00aa Dr\u00aa Anamaria Santana da Silva<\/td>\n<\/tr>\n<\/tbody>\n<\/table>\n<\/div>\n\t\t\t\t<\/div>\n\t\t\t<\/div><br class=\"nc\" \/><\/div>","protected":false},"excerpt":{"rendered":"","protected":false},"author":28260,"featured_media":0,"parent":0,"menu_order":0,"comment_status":"closed","ping_status":"closed","template":"","meta":{"footnotes":""},"coauthors":[88],"class_list":["post-4057","page","type-page","status-publish","hentry"],"_links":{"self":[{"href":"https:\/\/ppgecpan.ufms.br\/es\/wp-json\/wp\/v2\/pages\/4057","targetHints":{"allow":["GET"]}}],"collection":[{"href":"https:\/\/ppgecpan.ufms.br\/es\/wp-json\/wp\/v2\/pages"}],"about":[{"href":"https:\/\/ppgecpan.ufms.br\/es\/wp-json\/wp\/v2\/types\/page"}],"author":[{"embeddable":true,"href":"https:\/\/ppgecpan.ufms.br\/es\/wp-json\/wp\/v2\/users\/28260"}],"replies":[{"embeddable":true,"href":"https:\/\/ppgecpan.ufms.br\/es\/wp-json\/wp\/v2\/comments?post=4057"}],"version-history":[{"count":31,"href":"https:\/\/ppgecpan.ufms.br\/es\/wp-json\/wp\/v2\/pages\/4057\/revisions"}],"predecessor-version":[{"id":8004,"href":"https:\/\/ppgecpan.ufms.br\/es\/wp-json\/wp\/v2\/pages\/4057\/revisions\/8004"}],"wp:attachment":[{"href":"https:\/\/ppgecpan.ufms.br\/es\/wp-json\/wp\/v2\/media?parent=4057"}],"wp:term":[{"taxonomy":"author","embeddable":true,"href":"https:\/\/ppgecpan.ufms.br\/es\/wp-json\/wp\/v2\/coauthors?post=4057"}],"curies":[{"name":"wp","href":"https:\/\/api.w.org\/{rel}","templated":true}]}}